{"id":1182,"date":"2022-10-04T11:13:41","date_gmt":"2022-10-04T11:13:41","guid":{"rendered":"https:\/\/culturaenvena.org\/mir\/musicians-in-residence"},"modified":"2022-12-19T08:49:32","modified_gmt":"2022-12-19T08:49:32","slug":"musicians-in-residence","status":"publish","type":"page","link":"https:\/\/culturaenvena.org\/mir\/en\/musicians-in-residence","title":{"rendered":"Musicians In Residence"},"content":{"rendered":"\t\t<div data-elementor-type=\"wp-page\" data-elementor-id=\"1182\" class=\"elementor elementor-1182 elementor-718\">\n\t\t\t\t\t\t\t\t\t<section class=\"elementor-section elementor-top-section elementor-element elementor-element-0a0dbec elementor-section-content-middle elementor-section-boxed elementor-section-height-default elementor-section-height-default\" data-id=\"0a0dbec\" data-element_type=\"section\" data-settings=\"{&quot;background_background&quot;:&quot;classic&quot;}\">\n\t\t\t\t\t\t<div class=\"elementor-container elementor-column-gap-default\">\n\t\t\t\t\t<div class=\"elementor-column elementor-col-100 elementor-top-column elementor-element elementor-element-ddd0117\" data-id=\"ddd0117\" data-element_type=\"column\">\n\t\t\t<div class=\"elementor-widget-wrap elementor-element-populated\">\n\t\t\t\t\t\t\t\t<section class=\"elementor-section elementor-inner-section elementor-element elementor-element-0749d1a elementor-section-content-middle elementor-section-boxed elementor-section-height-default elementor-section-height-default\" data-id=\"0749d1a\" data-element_type=\"section\">\n\t\t\t\t\t\t<div class=\"elementor-container elementor-column-gap-default\">\n\t\t\t\t\t<div class=\"elementor-column elementor-col-33 elementor-inner-column elementor-element elementor-element-af71b2e\" data-id=\"af71b2e\" data-element_type=\"column\" data-settings=\"{&quot;background_background&quot;:&quot;classic&quot;}\">\n\t\t\t<div class=\"elementor-widget-wrap elementor-element-populated\">\n\t\t\t\t\t\t\t\t<div class=\"elementor-element elementor-element-c7a814d elementor-widget elementor-widget-heading\" data-id=\"c7a814d\" data-element_type=\"widget\" data-widget_type=\"heading.default\">\n\t\t\t\t<div class=\"elementor-widget-container\">\n\t\t\t<style>\/*! elementor - v3.13.3 - 22-05-2023 *\/\n.elementor-heading-title{padding:0;margin:0;line-height:1}.elementor-widget-heading .elementor-heading-title[class*=elementor-size-]>a{color:inherit;font-size:inherit;line-height:inherit}.elementor-widget-heading .elementor-heading-title.elementor-size-small{font-size:15px}.elementor-widget-heading .elementor-heading-title.elementor-size-medium{font-size:19px}.elementor-widget-heading .elementor-heading-title.elementor-size-large{font-size:29px}.elementor-widget-heading .elementor-heading-title.elementor-size-xl{font-size:39px}.elementor-widget-heading .elementor-heading-title.elementor-size-xxl{font-size:59px}<\/style><h2 class=\"elementor-heading-title elementor-size-default\">4<\/h2>\t\t<\/div>\n\t\t\t\t<\/div>\n\t\t\t\t\t<\/div>\n\t\t<\/div>\n\t\t\t\t<div class=\"elementor-column elementor-col-66 elementor-inner-column elementor-element elementor-element-4734365\" data-id=\"4734365\" data-element_type=\"column\" data-settings=\"{&quot;background_background&quot;:&quot;classic&quot;}\">\n\t\t\t<div class=\"elementor-widget-wrap elementor-element-populated\">\n\t\t\t\t\t\t\t\t<div class=\"elementor-element elementor-element-a004144 elementor-widget__width-auto titulopagina elementor-widget elementor-widget-heading\" data-id=\"a004144\" data-element_type=\"widget\" data-widget_type=\"heading.default\">\n\t\t\t\t<div class=\"elementor-widget-container\">\n\t\t\t<h1 class=\"elementor-heading-title elementor-size-default\">Musicians In Residence<\/h1>\t\t<\/div>\n\t\t\t\t<\/div>\n\t\t\t\t\t<\/div>\n\t\t<\/div>\n\t\t\t\t\t\t\t<\/div>\n\t\t<\/section>\n\t\t\t\t\t<\/div>\n\t\t<\/div>\n\t\t\t\t\t\t\t<\/div>\n\t\t<\/section>\n\t\t\t\t<section class=\"elementor-section elementor-top-section elementor-element elementor-element-60d7cfe elementor-section-boxed elementor-section-height-default elementor-section-height-default\" data-id=\"60d7cfe\" data-element_type=\"section\">\n\t\t\t\t\t\t<div class=\"elementor-container elementor-column-gap-default\">\n\t\t\t\t\t<div class=\"elementor-column elementor-col-100 elementor-top-column elementor-element elementor-element-2be1691\" data-id=\"2be1691\" data-element_type=\"column\">\n\t\t\t<div class=\"elementor-widget-wrap elementor-element-populated\">\n\t\t\t\t\t\t\t\t<section class=\"elementor-section elementor-inner-section elementor-element elementor-element-a71071d elementor-section-boxed elementor-section-height-default elementor-section-height-default\" data-id=\"a71071d\" data-element_type=\"section\">\n\t\t\t\t\t\t<div class=\"elementor-container elementor-column-gap-default\">\n\t\t\t\t\t<div class=\"elementor-column elementor-col-33 elementor-inner-column elementor-element elementor-element-b85cf06\" data-id=\"b85cf06\" data-element_type=\"column\">\n\t\t\t<div class=\"elementor-widget-wrap\">\n\t\t\t\t\t\t\t\t\t<\/div>\n\t\t<\/div>\n\t\t\t\t<div class=\"elementor-column elementor-col-66 elementor-inner-column elementor-element elementor-element-52a9b26\" data-id=\"52a9b26\" data-element_type=\"column\">\n\t\t\t<div class=\"elementor-widget-wrap elementor-element-populated\">\n\t\t\t\t\t\t\t\t<div class=\"elementor-element elementor-element-9c50994 elementor-widget__width-auto elementor-widget elementor-widget-heading\" data-id=\"9c50994\" data-element_type=\"widget\" data-widget_type=\"heading.default\">\n\t\t\t\t<div class=\"elementor-widget-container\">\n\t\t\t<h2 class=\"elementor-heading-title elementor-size-default\">Musicians In Residence<\/h2>\t\t<\/div>\n\t\t\t\t<\/div>\n\t\t\t\t<div class=\"elementor-element elementor-element-1da035a elementor-widget elementor-widget-text-editor\" data-id=\"1da035a\" data-element_type=\"widget\" data-widget_type=\"text-editor.default\">\n\t\t\t\t<div class=\"elementor-widget-container\">\n\t\t\t<style>\/*! elementor - v3.13.3 - 22-05-2023 *\/\n.elementor-widget-text-editor.elementor-drop-cap-view-stacked .elementor-drop-cap{background-color:#69727d;color:#fff}.elementor-widget-text-editor.elementor-drop-cap-view-framed .elementor-drop-cap{color:#69727d;border:3px solid;background-color:transparent}.elementor-widget-text-editor:not(.elementor-drop-cap-view-default) .elementor-drop-cap{margin-top:8px}.elementor-widget-text-editor:not(.elementor-drop-cap-view-default) .elementor-drop-cap-letter{width:1em;height:1em}.elementor-widget-text-editor .elementor-drop-cap{float:left;text-align:center;line-height:1;font-size:50px}.elementor-widget-text-editor .elementor-drop-cap-letter{display:inline-block}<\/style>\t\t\t\t<p>We evaluated the musicians\u2019 aptitudes in various areas, from professional skills to the psychological ability to adapt to complex situations like those often encountered in healthcare facilities. They are all excellent artists, musicians and communicators. From a psychological perspective, we also sought people who were empathetic, sensitive and capable of interacting with patients and their family members in ways other than through music.<\/p>\n<p>Los 46 M\u00fasicos Internos Residentes contratados para la realizaci\u00f3n del estudio cl\u00ednico se han seleccionado a trav\u00e9s de 6 audiciones a lo largo de 3 a\u00f1os. Tras convocatoria abierta en la que se presentaron m\u00e1s de 500 m\u00fasicos, se preseleccionaron por valor curricular a 128 artistas que pasaron por audiciones valoradas por un comit\u00e9 asesor compuestos por profesionales de la m\u00fasica, la medicina y la psicolog\u00eda. La calidad art\u00edstica, la empat\u00eda, la formaci\u00f3n del sonido, as\u00ed como las capacidades para adaptarse a los cambios, fueron elementos a valorar por el jurado.<\/p>\n\t\t\t\t\t\t<\/div>\n\t\t\t\t<\/div>\n\t\t\t\t\t<\/div>\n\t\t<\/div>\n\t\t\t\t\t\t\t<\/div>\n\t\t<\/section>\n\t\t\t\t\t<\/div>\n\t\t<\/div>\n\t\t\t\t\t\t\t<\/div>\n\t\t<\/section>\n\t\t\t\t<section class=\"elementor-section elementor-top-section elementor-element elementor-element-e4aaffb elementor-section-boxed elementor-section-height-default elementor-section-height-default\" data-id=\"e4aaffb\" data-element_type=\"section\">\n\t\t\t\t\t\t<div class=\"elementor-container elementor-column-gap-wide\">\n\t\t\t\t\t<div class=\"elementor-column elementor-col-33 elementor-top-column elementor-element elementor-element-514269c\" data-id=\"514269c\" data-element_type=\"column\">\n\t\t\t<div class=\"elementor-widget-wrap elementor-element-populated\">\n\t\t\t\t\t\t\t\t<div class=\"elementor-element elementor-element-273c1c5 elementor-widget elementor-widget-image\" data-id=\"273c1c5\" data-element_type=\"widget\" data-widget_type=\"image.default\">\n\t\t\t\t<div class=\"elementor-widget-container\">\n\t\t\t<style>\/*! elementor - v3.13.3 - 22-05-2023 *\/\n.elementor-widget-image{text-align:center}.elementor-widget-image a{display:inline-block}.elementor-widget-image a img[src$=\".svg\"]{width:48px}.elementor-widget-image img{vertical-align:middle;display:inline-block}<\/style>\t\t\t\t\t\t\t\t\t\t\t\t<img loading=\"lazy\" decoding=\"async\" width=\"568\" height=\"405\" src=\"https:\/\/culturaenvena.org\/mir\/wp-content\/uploads\/2022\/10\/josefa-gomez.jpg\" class=\"attachment-large size-large wp-image-1073\" alt=\"\" srcset=\"https:\/\/culturaenvena.org\/mir\/wp-content\/uploads\/2022\/10\/josefa-gomez.jpg 568w, https:\/\/culturaenvena.org\/mir\/wp-content\/uploads\/2022\/10\/josefa-gomez-300x214.jpg 300w\" sizes=\"auto, (max-width: 568px) 100vw, 568px\" \/>\t\t\t\t\t\t\t\t\t\t\t\t\t\t\t<\/div>\n\t\t\t\t<\/div>\n\t\t\t\t<div class=\"elementor-element elementor-element-e33e812 elementor-widget__width-auto elementor-widget elementor-widget-heading\" data-id=\"e33e812\" data-element_type=\"widget\" data-widget_type=\"heading.default\">\n\t\t\t\t<div class=\"elementor-widget-container\">\n\t\t\t<h2 class=\"elementor-heading-title elementor-size-default\">JOSEFA G\u00d3MEZ \u201cLA JOSE\u201d<\/h2>\t\t<\/div>\n\t\t\t\t<\/div>\n\t\t\t\t<div class=\"elementor-element elementor-element-44a8269 elementor-widget elementor-widget-heading\" data-id=\"44a8269\" data-element_type=\"widget\" data-widget_type=\"heading.default\">\n\t\t\t\t<div class=\"elementor-widget-container\">\n\t\t\t<h6 class=\"elementor-heading-title elementor-size-default\">VOICE<\/h6>\t\t<\/div>\n\t\t\t\t<\/div>\n\t\t\t\t<div class=\"elementor-element elementor-element-5ac219f elementor-widget elementor-widget-text-editor\" data-id=\"5ac219f\" data-element_type=\"widget\" data-widget_type=\"text-editor.default\">\n\t\t\t\t<div class=\"elementor-widget-container\">\n\t\t\t\t\t\t\t<p>A self-taught artist, Josefa started out young, singing with different Latin, flamenco and jazz groups. She composed her first songs in 2007 and went further down that road in 2008 with the band Almaderia. She was involved with Ofir, a Sephardic music band, until 2012, touring the Mediterranean and Eastern Europe with them. In 2014 Josefa released her first solo album, \u201cEspiral\u201d, and performed in several foreign countries. She has collaborated with Julio Castej\u00f3n (Asfalto), Miguel Campello and musicians like El Bicho, David de Mar\u00eda (with whom she toured all of Spain in 2016 as a backup singer) and Tomasito (recording with him for TVE), among others. \u201cLa Jose\u201d has performed at major festivals such as Suma Flamenca and Fringe, and after studying under several masters she is now a vocal teacher and voice therapist.<\/p>\n\t\t\t\t\t\t<\/div>\n\t\t\t\t<\/div>\n\t\t\t\t\t<\/div>\n\t\t<\/div>\n\t\t\t\t<div class=\"elementor-column elementor-col-33 elementor-top-column elementor-element elementor-element-b7d57c0\" data-id=\"b7d57c0\" data-element_type=\"column\">\n\t\t\t<div class=\"elementor-widget-wrap elementor-element-populated\">\n\t\t\t\t\t\t\t\t<div class=\"elementor-element elementor-element-29c044a elementor-widget elementor-widget-image\" data-id=\"29c044a\" data-element_type=\"widget\" data-widget_type=\"image.default\">\n\t\t\t\t<div class=\"elementor-widget-container\">\n\t\t\t\t\t\t\t\t\t\t\t\t\t\t\t<img loading=\"lazy\" decoding=\"async\" width=\"568\" height=\"405\" src=\"https:\/\/culturaenvena.org\/mir\/wp-content\/uploads\/2022\/10\/juan-sebastian-vazquez.jpg\" class=\"attachment-large size-large wp-image-1074\" alt=\"\" srcset=\"https:\/\/culturaenvena.org\/mir\/wp-content\/uploads\/2022\/10\/juan-sebastian-vazquez.jpg 568w, https:\/\/culturaenvena.org\/mir\/wp-content\/uploads\/2022\/10\/juan-sebastian-vazquez-300x214.jpg 300w\" sizes=\"auto, (max-width: 568px) 100vw, 568px\" \/>\t\t\t\t\t\t\t\t\t\t\t\t\t\t\t<\/div>\n\t\t\t\t<\/div>\n\t\t\t\t<div class=\"elementor-element elementor-element-c988db7 elementor-widget__width-auto elementor-widget elementor-widget-heading\" data-id=\"c988db7\" data-element_type=\"widget\" data-widget_type=\"heading.default\">\n\t\t\t\t<div class=\"elementor-widget-container\">\n\t\t\t<h2 class=\"elementor-heading-title elementor-size-default\">JUAN SEBASTI\u00c1N V\u00c1ZQUEZ<\/h2>\t\t<\/div>\n\t\t\t\t<\/div>\n\t\t\t\t<div class=\"elementor-element elementor-element-8b56a53 elementor-widget elementor-widget-heading\" data-id=\"8b56a53\" data-element_type=\"widget\" data-widget_type=\"heading.default\">\n\t\t\t\t<div class=\"elementor-widget-container\">\n\t\t\t<h6 class=\"elementor-heading-title elementor-size-default\">PIANO<\/h6>\t\t<\/div>\n\t\t\t\t<\/div>\n\t\t\t\t<div class=\"elementor-element elementor-element-0942250 elementor-widget elementor-widget-text-editor\" data-id=\"0942250\" data-element_type=\"widget\" data-widget_type=\"text-editor.default\">\n\t\t\t\t<div class=\"elementor-widget-container\">\n\t\t\t\t\t\t\t<p>After regularly attending jazz courses offered by the Juilliard School of Music, Juan enrolled at Musikene &#8211; Centro Superior de M\u00fasica del Pa\u00eds Vasco to study jazz piano and began receiving classes from I\u00f1aki Salvador, Bob Sands, Guillermo McGuill, Alejandro Mingot and others. In 2012 he founded the SB3 Trio and recorded his first album with them, \u201cLluvia de Mayo\u201d, which the critics of DistritoJazz picked as one of the top five albums in the country, and which also won the BBK Award for Best Jazz Album of the Year in the Basque Country. He regularly performs at important jazz clubs and festivals (Vitoria-Gasteiz Jazz Festival, San Sebasti\u00e1n International Jazz Festival, Vitoria, Madrid, Caf\u00e9 Mercedes Jazz Club).<\/p>\n\t\t\t\t\t\t<\/div>\n\t\t\t\t<\/div>\n\t\t\t\t\t<\/div>\n\t\t<\/div>\n\t\t\t\t<div class=\"elementor-column elementor-col-33 elementor-top-column elementor-element elementor-element-db2cb07\" data-id=\"db2cb07\" data-element_type=\"column\">\n\t\t\t<div class=\"elementor-widget-wrap elementor-element-populated\">\n\t\t\t\t\t\t\t\t<div class=\"elementor-element elementor-element-44b01ad elementor-widget elementor-widget-image\" data-id=\"44b01ad\" data-element_type=\"widget\" data-widget_type=\"image.default\">\n\t\t\t\t<div class=\"elementor-widget-container\">\n\t\t\t\t\t\t\t\t\t\t\t\t\t\t\t<img loading=\"lazy\" decoding=\"async\" width=\"568\" height=\"405\" src=\"https:\/\/culturaenvena.org\/mir\/wp-content\/uploads\/2022\/10\/marina-lledo.jpg\" class=\"attachment-large size-large wp-image-1075\" alt=\"\" srcset=\"https:\/\/culturaenvena.org\/mir\/wp-content\/uploads\/2022\/10\/marina-lledo.jpg 568w, https:\/\/culturaenvena.org\/mir\/wp-content\/uploads\/2022\/10\/marina-lledo-300x214.jpg 300w\" sizes=\"auto, (max-width: 568px) 100vw, 568px\" \/>\t\t\t\t\t\t\t\t\t\t\t\t\t\t\t<\/div>\n\t\t\t\t<\/div>\n\t\t\t\t<div class=\"elementor-element elementor-element-65c85bb elementor-widget__width-auto elementor-widget elementor-widget-heading\" data-id=\"65c85bb\" data-element_type=\"widget\" data-widget_type=\"heading.default\">\n\t\t\t\t<div class=\"elementor-widget-container\">\n\t\t\t<h2 class=\"elementor-heading-title elementor-size-default\">MARINA LLED\u00d3<\/h2>\t\t<\/div>\n\t\t\t\t<\/div>\n\t\t\t\t<div class=\"elementor-element elementor-element-0dc35c2 elementor-widget elementor-widget-heading\" data-id=\"0dc35c2\" data-element_type=\"widget\" data-widget_type=\"heading.default\">\n\t\t\t\t<div class=\"elementor-widget-container\">\n\t\t\t<h6 class=\"elementor-heading-title elementor-size-default\">VOICE AND PIANO<\/h6>\t\t<\/div>\n\t\t\t\t<\/div>\n\t\t\t\t<div class=\"elementor-element elementor-element-15420ed elementor-widget elementor-widget-text-editor\" data-id=\"15420ed\" data-element_type=\"widget\" data-widget_type=\"text-editor.default\">\n\t\t\t\t<div class=\"elementor-widget-container\">\n\t\t\t\t\t\t\t<p>Marina studied piano, harmony and music theory at the Escuela de M\u00fasica Creativa and received classical voice lessons from soprano Idoris Duarte. She participated in national projects like the Mallorca Jazz Festival and has been a special guest of Pepe Rivero (on \u201cPepe Rivero and Friends\u201d), Pavel Urquiza, Jayme Marques and other noted artists. On the international stage, she has also performed at the Cape Town International Jazz Festival in South Africa and the Fjordjazz Festival in Norway, where she sang some of her own songs with Hans Mathisen and his big band. Marina Lled\u00f3\u2019s artistic efforts have earned her distinctions such as Best Album in the World Music category at the German Records Critics\u2019 Awards.<\/p>\n\t\t\t\t\t\t<\/div>\n\t\t\t\t<\/div>\n\t\t\t\t\t<\/div>\n\t\t<\/div>\n\t\t\t\t\t\t\t<\/div>\n\t\t<\/section>\n\t\t\t\t<section class=\"elementor-section elementor-top-section elementor-element elementor-element-672e413 elementor-section-boxed elementor-section-height-default elementor-section-height-default\" data-id=\"672e413\" data-element_type=\"section\">\n\t\t\t\t\t\t<div class=\"elementor-container elementor-column-gap-wide\">\n\t\t\t\t\t<div class=\"elementor-column elementor-col-33 elementor-top-column elementor-element elementor-element-a493f12\" data-id=\"a493f12\" data-element_type=\"column\">\n\t\t\t<div class=\"elementor-widget-wrap elementor-element-populated\">\n\t\t\t\t\t\t\t\t<div class=\"elementor-element elementor-element-c3a2be0 elementor-widget elementor-widget-image\" data-id=\"c3a2be0\" data-element_type=\"widget\" data-widget_type=\"image.default\">\n\t\t\t\t<div class=\"elementor-widget-container\">\n\t\t\t\t\t\t\t\t\t\t\t\t\t\t\t<img loading=\"lazy\" decoding=\"async\" width=\"568\" height=\"405\" src=\"https:\/\/culturaenvena.org\/mir\/wp-content\/uploads\/2022\/10\/guillermo-vilchez.jpg\" class=\"attachment-large size-large wp-image-1077\" alt=\"\" srcset=\"https:\/\/culturaenvena.org\/mir\/wp-content\/uploads\/2022\/10\/guillermo-vilchez.jpg 568w, https:\/\/culturaenvena.org\/mir\/wp-content\/uploads\/2022\/10\/guillermo-vilchez-300x214.jpg 300w\" sizes=\"auto, (max-width: 568px) 100vw, 568px\" \/>\t\t\t\t\t\t\t\t\t\t\t\t\t\t\t<\/div>\n\t\t\t\t<\/div>\n\t\t\t\t<div class=\"elementor-element elementor-element-0403e2c elementor-widget__width-auto elementor-widget elementor-widget-heading\" data-id=\"0403e2c\" data-element_type=\"widget\" data-widget_type=\"heading.default\">\n\t\t\t\t<div class=\"elementor-widget-container\">\n\t\t\t<h2 class=\"elementor-heading-title elementor-size-default\">GUILLERMO V\u00cdLCHEZ<\/h2>\t\t<\/div>\n\t\t\t\t<\/div>\n\t\t\t\t<div class=\"elementor-element elementor-element-4dfbf71 elementor-widget elementor-widget-heading\" data-id=\"4dfbf71\" data-element_type=\"widget\" data-widget_type=\"heading.default\">\n\t\t\t\t<div class=\"elementor-widget-container\">\n\t\t\t<h6 class=\"elementor-heading-title elementor-size-default\">GUITAR<\/h6>\t\t<\/div>\n\t\t\t\t<\/div>\n\t\t\t\t<div class=\"elementor-element elementor-element-360696f elementor-widget elementor-widget-text-editor\" data-id=\"360696f\" data-element_type=\"widget\" data-widget_type=\"text-editor.default\">\n\t\t\t\t<div class=\"elementor-widget-container\">\n\t\t\t\t\t\t\t<p>Guillermo studied classical guitar at the Real Conservatorio Superior de M\u00fasica de Madrid and electric jazz guitar at the Escuela de M\u00fasica Creativa de Madrid. His first artistic experiences were with Son\u00e1mbulos, the Quatre Vingts guitar quartet and Grupo Bumerang, with whom he did three national tours focused on flamenco guitar and electric guitar. He was an associate professor of classical guitar at the Academia de M\u00fasica y Danza (Conservatorio Profesional) Antonio Soler de Ja\u00e9n before becoming an associate professor of guitar at the Centro Profesional de M\u00fasica Soto Mesa. Guillermo is currently working on his latest album with the Barrio Negro band.<\/p>\n\t\t\t\t\t\t<\/div>\n\t\t\t\t<\/div>\n\t\t\t\t\t<\/div>\n\t\t<\/div>\n\t\t\t\t<div class=\"elementor-column elementor-col-33 elementor-top-column elementor-element elementor-element-f442a71\" data-id=\"f442a71\" data-element_type=\"column\">\n\t\t\t<div class=\"elementor-widget-wrap elementor-element-populated\">\n\t\t\t\t\t\t\t\t<div class=\"elementor-element elementor-element-598ae73 elementor-widget elementor-widget-image\" data-id=\"598ae73\" data-element_type=\"widget\" data-widget_type=\"image.default\">\n\t\t\t\t<div class=\"elementor-widget-container\">\n\t\t\t\t\t\t\t\t\t\t\t\t\t\t\t<img loading=\"lazy\" decoding=\"async\" width=\"568\" height=\"405\" src=\"https:\/\/culturaenvena.org\/mir\/wp-content\/uploads\/2022\/10\/marta-mansilla.jpg\" class=\"attachment-large size-large wp-image-1078\" alt=\"\" srcset=\"https:\/\/culturaenvena.org\/mir\/wp-content\/uploads\/2022\/10\/marta-mansilla.jpg 568w, https:\/\/culturaenvena.org\/mir\/wp-content\/uploads\/2022\/10\/marta-mansilla-300x214.jpg 300w\" sizes=\"auto, (max-width: 568px) 100vw, 568px\" \/>\t\t\t\t\t\t\t\t\t\t\t\t\t\t\t<\/div>\n\t\t\t\t<\/div>\n\t\t\t\t<div class=\"elementor-element elementor-element-8502305 elementor-widget__width-auto elementor-widget elementor-widget-heading\" data-id=\"8502305\" data-element_type=\"widget\" data-widget_type=\"heading.default\">\n\t\t\t\t<div class=\"elementor-widget-container\">\n\t\t\t<h2 class=\"elementor-heading-title elementor-size-default\">MARTA MANSILLA<\/h2>\t\t<\/div>\n\t\t\t\t<\/div>\n\t\t\t\t<div class=\"elementor-element elementor-element-9b22ae8 elementor-widget elementor-widget-heading\" data-id=\"9b22ae8\" data-element_type=\"widget\" data-widget_type=\"heading.default\">\n\t\t\t\t<div class=\"elementor-widget-container\">\n\t\t\t<h6 class=\"elementor-heading-title elementor-size-default\">FLUTE<\/h6>\t\t<\/div>\n\t\t\t\t<\/div>\n\t\t\t\t<div class=\"elementor-element elementor-element-895d4f2 elementor-widget elementor-widget-text-editor\" data-id=\"895d4f2\" data-element_type=\"widget\" data-widget_type=\"text-editor.default\">\n\t\t\t\t<div class=\"elementor-widget-container\">\n\t\t\t\t\t\t\t<p>Born in Madrid, Marta earned a professional music degree from the Conservatorio Profesional de M\u00fasica Amaniel de Madrid and another in jazz and improvisation from the Escuela de M\u00fasica Creativa de Madrid, learning from professors like Patxi Pascual and Bob Sands. In 2014 she began taking flamenco classes (at the Uflamenco school) from Pedro Ojesto, Juan Parilla and other instructors. With Parilla\u2019s flamenco company, Flamenquillos, she has played at Suma Flamenca, Flamenco on Fire and Teatro Circo Price during Inverfest. Marta has won several competitions, including the singer-songwriter contests of C\u00e1ceres and Granada, J\u00f3venes Creadores organised by the Region of Madrid, and the Pasi\u00f3n Rock contest. She also has a degree in music education from the Universidad Aut\u00f3noma de Madrid.<\/p>\n\t\t\t\t\t\t<\/div>\n\t\t\t\t<\/div>\n\t\t\t\t\t<\/div>\n\t\t<\/div>\n\t\t\t\t<div class=\"elementor-column elementor-col-33 elementor-top-column elementor-element elementor-element-9a78a71\" data-id=\"9a78a71\" data-element_type=\"column\">\n\t\t\t<div class=\"elementor-widget-wrap elementor-element-populated\">\n\t\t\t\t\t\t\t\t<div class=\"elementor-element elementor-element-414dc6a elementor-widget elementor-widget-image\" data-id=\"414dc6a\" data-element_type=\"widget\" data-widget_type=\"image.default\">\n\t\t\t\t<div class=\"elementor-widget-container\">\n\t\t\t\t\t\t\t\t\t\t\t\t\t\t\t<img loading=\"lazy\" decoding=\"async\" width=\"568\" height=\"405\" src=\"https:\/\/culturaenvena.org\/mir\/wp-content\/uploads\/2022\/10\/paco-soto.jpg\" class=\"attachment-large size-large wp-image-1079\" alt=\"\" srcset=\"https:\/\/culturaenvena.org\/mir\/wp-content\/uploads\/2022\/10\/paco-soto.jpg 568w, https:\/\/culturaenvena.org\/mir\/wp-content\/uploads\/2022\/10\/paco-soto-300x214.jpg 300w\" sizes=\"auto, (max-width: 568px) 100vw, 568px\" \/>\t\t\t\t\t\t\t\t\t\t\t\t\t\t\t<\/div>\n\t\t\t\t<\/div>\n\t\t\t\t<div class=\"elementor-element elementor-element-2e2ed3e elementor-widget__width-auto elementor-widget elementor-widget-heading\" data-id=\"2e2ed3e\" data-element_type=\"widget\" data-widget_type=\"heading.default\">\n\t\t\t\t<div class=\"elementor-widget-container\">\n\t\t\t<h2 class=\"elementor-heading-title elementor-size-default\">PACO SOTO<\/h2>\t\t<\/div>\n\t\t\t\t<\/div>\n\t\t\t\t<div class=\"elementor-element elementor-element-c922fd4 elementor-widget elementor-widget-heading\" data-id=\"c922fd4\" data-element_type=\"widget\" data-widget_type=\"heading.default\">\n\t\t\t\t<div class=\"elementor-widget-container\">\n\t\t\t<h6 class=\"elementor-heading-title elementor-size-default\">GUITAR<\/h6>\t\t<\/div>\n\t\t\t\t<\/div>\n\t\t\t\t<div class=\"elementor-element elementor-element-d6cac66 elementor-widget elementor-widget-text-editor\" data-id=\"d6cac66\" data-element_type=\"widget\" data-widget_type=\"text-editor.default\">\n\t\t\t\t<div class=\"elementor-widget-container\">\n\t\t\t\t\t\t\t<p>After finishing his studies at the Flamenco Song Festival of Las Minas de la Uni\u00f3n and Fundaci\u00f3n Cristina Heeren in Seville, Paco moved to Madrid to train under the master Enrique Vargas. Today Paco Soto is considered one of Spain\u2019s most promising guitarists. In the course of his career, he has collaborated with many of the greatest flamenco (Rafita de Madrid, Enrique el Piculabe, Ismael de la Rosa, Sonia Olla, Mar\u00eda Mezcle\u2026) and jazz artists (Eva Cort\u00e9s, Julio Botti, Inoidel Gonz\u00e1lez, Georvis Pico\u2026) and has toured in Europe, Asia, the Americas and Africa. Paco has worked with institutions such as Ciudad de la Luz, Instituto Cervantes in New York, and Columbia University, where he participated in and organised courses on Federico Garc\u00eda Lorca\u2019s relationship with flamenco.<\/p>\n\t\t\t\t\t\t<\/div>\n\t\t\t\t<\/div>\n\t\t\t\t\t<\/div>\n\t\t<\/div>\n\t\t\t\t\t\t\t<\/div>\n\t\t<\/section>\n\t\t\t\t<section class=\"elementor-section elementor-top-section elementor-element elementor-element-12be8df elementor-section-boxed elementor-section-height-default elementor-section-height-default\" data-id=\"12be8df\" data-element_type=\"section\">\n\t\t\t\t\t\t<div class=\"elementor-container elementor-column-gap-wide\">\n\t\t\t\t\t<div class=\"elementor-column elementor-col-33 elementor-top-column elementor-element elementor-element-a0039c5\" data-id=\"a0039c5\" data-element_type=\"column\">\n\t\t\t<div class=\"elementor-widget-wrap elementor-element-populated\">\n\t\t\t\t\t\t\t\t<div class=\"elementor-element elementor-element-04c3236 elementor-widget elementor-widget-image\" data-id=\"04c3236\" data-element_type=\"widget\" data-widget_type=\"image.default\">\n\t\t\t\t<div class=\"elementor-widget-container\">\n\t\t\t\t\t\t\t\t\t\t\t\t\t\t\t<img loading=\"lazy\" decoding=\"async\" width=\"568\" height=\"405\" src=\"https:\/\/culturaenvena.org\/mir\/wp-content\/uploads\/2022\/10\/paula-garcia.jpg\" class=\"attachment-large size-large wp-image-1080\" alt=\"\" srcset=\"https:\/\/culturaenvena.org\/mir\/wp-content\/uploads\/2022\/10\/paula-garcia.jpg 568w, https:\/\/culturaenvena.org\/mir\/wp-content\/uploads\/2022\/10\/paula-garcia-300x214.jpg 300w\" sizes=\"auto, (max-width: 568px) 100vw, 568px\" \/>\t\t\t\t\t\t\t\t\t\t\t\t\t\t\t<\/div>\n\t\t\t\t<\/div>\n\t\t\t\t<div class=\"elementor-element elementor-element-36978d2 elementor-widget__width-auto elementor-widget elementor-widget-heading\" data-id=\"36978d2\" data-element_type=\"widget\" data-widget_type=\"heading.default\">\n\t\t\t\t<div class=\"elementor-widget-container\">\n\t\t\t<h2 class=\"elementor-heading-title elementor-size-default\">PAULA GARC\u00cdA<\/h2>\t\t<\/div>\n\t\t\t\t<\/div>\n\t\t\t\t<div class=\"elementor-element elementor-element-443596e elementor-widget elementor-widget-heading\" data-id=\"443596e\" data-element_type=\"widget\" data-widget_type=\"heading.default\">\n\t\t\t\t<div class=\"elementor-widget-container\">\n\t\t\t<h6 class=\"elementor-heading-title elementor-size-default\">VIOLA<\/h6>\t\t<\/div>\n\t\t\t\t<\/div>\n\t\t\t\t<div class=\"elementor-element elementor-element-a9e673b elementor-widget elementor-widget-text-editor\" data-id=\"a9e673b\" data-element_type=\"widget\" data-widget_type=\"text-editor.default\">\n\t\t\t\t<div class=\"elementor-widget-container\">\n\t\t\t\t\t\t\t<p>Paula studied music at the Escuela Superior de M\u00fasica Reina Sof\u00eda (2010\u20132014), the Hochschule f\u00fcr Musik \u201cFelix Mendelssohn Bartholdy\u201d in Leipzig (2014\u20132015) and the Hochschule f\u00fcr Musik \u201cHanns Eisler\u201d in Berlin (2015\u20132017). She has received numerous awards for her work as a soloist and a chamber musician. Her interest in orchestral music has led her to play with Orquesta Nacional de Espa\u00f1a, Orquesta de Cadaqu\u00e9s, Orquesta de la Comunidad de Madrid, Orquesta de Radio Televisi\u00f3n Espa\u00f1ola, Hamburger Camerata, Jeune Orchestre Atlantique (JOA), Joven Orquesta Nacional de Espa\u00f1a (JONDE), Wiener Jeunesse Orchester (WJO), European Union Youth Orchestra (EUYO), Gustav Mahler Jugendorchester (GMJO) and Junge Philharmonie Berlin, among other ensembles.<\/p>\n\t\t\t\t\t\t<\/div>\n\t\t\t\t<\/div>\n\t\t\t\t\t<\/div>\n\t\t<\/div>\n\t\t\t\t<div class=\"elementor-column elementor-col-33 elementor-top-column elementor-element elementor-element-7bdb4b2\" data-id=\"7bdb4b2\" data-element_type=\"column\">\n\t\t\t<div class=\"elementor-widget-wrap elementor-element-populated\">\n\t\t\t\t\t\t\t\t<div class=\"elementor-element elementor-element-30f7d7c elementor-widget elementor-widget-image\" data-id=\"30f7d7c\" data-element_type=\"widget\" data-widget_type=\"image.default\">\n\t\t\t\t<div class=\"elementor-widget-container\">\n\t\t\t\t\t\t\t\t\t\t\t\t\t\t\t<img loading=\"lazy\" decoding=\"async\" width=\"568\" height=\"405\" src=\"https:\/\/culturaenvena.org\/mir\/wp-content\/uploads\/2022\/10\/elisa-ortiz.jpg\" class=\"attachment-large size-large wp-image-1081\" alt=\"\" srcset=\"https:\/\/culturaenvena.org\/mir\/wp-content\/uploads\/2022\/10\/elisa-ortiz.jpg 568w, https:\/\/culturaenvena.org\/mir\/wp-content\/uploads\/2022\/10\/elisa-ortiz-300x214.jpg 300w\" sizes=\"auto, (max-width: 568px) 100vw, 568px\" \/>\t\t\t\t\t\t\t\t\t\t\t\t\t\t\t<\/div>\n\t\t\t\t<\/div>\n\t\t\t\t<div class=\"elementor-element elementor-element-8765819 elementor-widget__width-auto elementor-widget elementor-widget-heading\" data-id=\"8765819\" data-element_type=\"widget\" data-widget_type=\"heading.default\">\n\t\t\t\t<div class=\"elementor-widget-container\">\n\t\t\t<h2 class=\"elementor-heading-title elementor-size-default\">ELISA ORTIZ<\/h2>\t\t<\/div>\n\t\t\t\t<\/div>\n\t\t\t\t<div class=\"elementor-element elementor-element-95fd6e4 elementor-widget elementor-widget-heading\" data-id=\"95fd6e4\" data-element_type=\"widget\" data-widget_type=\"heading.default\">\n\t\t\t\t<div class=\"elementor-widget-container\">\n\t\t\t<h6 class=\"elementor-heading-title elementor-size-default\">CELLO<\/h6>\t\t<\/div>\n\t\t\t\t<\/div>\n\t\t\t\t<div class=\"elementor-element elementor-element-895b7d3 elementor-widget elementor-widget-text-editor\" data-id=\"895b7d3\" data-element_type=\"widget\" data-widget_type=\"text-editor.default\">\n\t\t\t\t<div class=\"elementor-widget-container\">\n\t\t\t\t\t\t\t<p>Elisa earned her advanced music degree with a specialty in cello in 2016, the same year she completed a degree in advanced musical performance at Universidad Alfonso X El Sabio, having studied under the educator and cellist Mar\u00eda Casado and the soloist Asier Polo. She has done remarkable educational research work applied to the cello with psychologist and pianist Francisco Escoda and has a keen interest in the social facet of music, which inspired her to become a cello teacher with the social music project DaLaNota. Elisa has played at numerous venues in the Spanish capital and recently participated in the adaptation of Ibsen\u2019s story \u201cPeer Gynt\u201d set to music by Edvard Grieg. She is also a member of Photograph, a group that plays modern music (jazz, funk, etc.) in different clubs and halls across Madrid.<\/p>\n\t\t\t\t\t\t<\/div>\n\t\t\t\t<\/div>\n\t\t\t\t\t<\/div>\n\t\t<\/div>\n\t\t\t\t<div class=\"elementor-column elementor-col-33 elementor-top-column elementor-element elementor-element-370b8a5\" data-id=\"370b8a5\" data-element_type=\"column\">\n\t\t\t<div class=\"elementor-widget-wrap elementor-element-populated\">\n\t\t\t\t\t\t\t\t<div class=\"elementor-element elementor-element-fb15c48 elementor-widget elementor-widget-image\" data-id=\"fb15c48\" data-element_type=\"widget\" data-widget_type=\"image.default\">\n\t\t\t\t<div class=\"elementor-widget-container\">\n\t\t\t\t\t\t\t\t\t\t\t\t\t\t\t<img loading=\"lazy\" decoding=\"async\" width=\"568\" height=\"405\" src=\"https:\/\/culturaenvena.org\/mir\/wp-content\/uploads\/2022\/10\/gabriel-manzanares.jpg\" class=\"attachment-large size-large wp-image-1082\" alt=\"\" srcset=\"https:\/\/culturaenvena.org\/mir\/wp-content\/uploads\/2022\/10\/gabriel-manzanares.jpg 568w, https:\/\/culturaenvena.org\/mir\/wp-content\/uploads\/2022\/10\/gabriel-manzanares-300x214.jpg 300w\" sizes=\"auto, (max-width: 568px) 100vw, 568px\" \/>\t\t\t\t\t\t\t\t\t\t\t\t\t\t\t<\/div>\n\t\t\t\t<\/div>\n\t\t\t\t<div class=\"elementor-element elementor-element-bfe590e elementor-widget__width-auto elementor-widget elementor-widget-heading\" data-id=\"bfe590e\" data-element_type=\"widget\" data-widget_type=\"heading.default\">\n\t\t\t\t<div class=\"elementor-widget-container\">\n\t\t\t<h2 class=\"elementor-heading-title elementor-size-default\">GABRIEL MANZANARES<\/h2>\t\t<\/div>\n\t\t\t\t<\/div>\n\t\t\t\t<div class=\"elementor-element elementor-element-62311e4 elementor-widget elementor-widget-heading\" data-id=\"62311e4\" data-element_type=\"widget\" data-widget_type=\"heading.default\">\n\t\t\t\t<div class=\"elementor-widget-container\">\n\t\t\t<h6 class=\"elementor-heading-title elementor-size-default\">GUITAR<\/h6>\t\t<\/div>\n\t\t\t\t<\/div>\n\t\t\t\t<div class=\"elementor-element elementor-element-3a1405c elementor-widget elementor-widget-text-editor\" data-id=\"3a1405c\" data-element_type=\"widget\" data-widget_type=\"text-editor.default\">\n\t\t\t\t<div class=\"elementor-widget-container\">\n\t\t\t\t\t\t\t<p>Gabriel is currently a guitar student at the Real Conservatorio Superior de M\u00fasica de Madrid, although he previously studied psychology at the Universidad Complutense de Madrid for one year. In terms of his professional experience, highlights include his collaborations with the Real Escuela Superior de Arte Dram\u00e1tico de Madrid and with the Big Band from the Real Conservatorio Superior de M\u00fasica de Madrid, with which he has played concerts at the Museo Reina Sof\u00eda and Sala Clamores in Madrid. Gabriel\u2019s interest in education also led him to teach guitar and music theory in several summer courses.<\/p>\n\t\t\t\t\t\t<\/div>\n\t\t\t\t<\/div>\n\t\t\t\t\t<\/div>\n\t\t<\/div>\n\t\t\t\t\t\t\t<\/div>\n\t\t<\/section>\n\t\t\t\t<section class=\"elementor-section elementor-top-section elementor-element elementor-element-f0bbe64 elementor-section-boxed elementor-section-height-default elementor-section-height-default\" data-id=\"f0bbe64\" data-element_type=\"section\">\n\t\t\t\t\t\t<div class=\"elementor-container elementor-column-gap-wide\">\n\t\t\t\t\t<div class=\"elementor-column elementor-col-33 elementor-top-column elementor-element elementor-element-7d87e8c\" data-id=\"7d87e8c\" data-element_type=\"column\">\n\t\t\t<div class=\"elementor-widget-wrap elementor-element-populated\">\n\t\t\t\t\t\t\t\t<div class=\"elementor-element elementor-element-90b3863 elementor-widget elementor-widget-image\" data-id=\"90b3863\" data-element_type=\"widget\" data-widget_type=\"image.default\">\n\t\t\t\t<div class=\"elementor-widget-container\">\n\t\t\t\t\t\t\t\t\t\t\t\t\t\t\t<img loading=\"lazy\" decoding=\"async\" width=\"568\" height=\"405\" src=\"https:\/\/culturaenvena.org\/mir\/wp-content\/uploads\/2022\/10\/aapo-gronllud.jpg\" class=\"attachment-large size-large wp-image-1083\" alt=\"\" srcset=\"https:\/\/culturaenvena.org\/mir\/wp-content\/uploads\/2022\/10\/aapo-gronllud.jpg 568w, https:\/\/culturaenvena.org\/mir\/wp-content\/uploads\/2022\/10\/aapo-gronllud-300x214.jpg 300w\" sizes=\"auto, (max-width: 568px) 100vw, 568px\" \/>\t\t\t\t\t\t\t\t\t\t\t\t\t\t\t<\/div>\n\t\t\t\t<\/div>\n\t\t\t\t<div class=\"elementor-element elementor-element-928582f elementor-widget__width-auto elementor-widget elementor-widget-heading\" data-id=\"928582f\" data-element_type=\"widget\" data-widget_type=\"heading.default\">\n\t\t\t\t<div class=\"elementor-widget-container\">\n\t\t\t<h2 class=\"elementor-heading-title elementor-size-default\">AAPO GR\u00d6NLUND<\/h2>\t\t<\/div>\n\t\t\t\t<\/div>\n\t\t\t\t<div class=\"elementor-element elementor-element-ee779fd elementor-widget elementor-widget-heading\" data-id=\"ee779fd\" data-element_type=\"widget\" data-widget_type=\"heading.default\">\n\t\t\t\t<div class=\"elementor-widget-container\">\n\t\t\t<h6 class=\"elementor-heading-title elementor-size-default\">GUITAR<\/h6>\t\t<\/div>\n\t\t\t\t<\/div>\n\t\t\t\t<div class=\"elementor-element elementor-element-d516495 elementor-widget elementor-widget-text-editor\" data-id=\"d516495\" data-element_type=\"widget\" data-widget_type=\"text-editor.default\">\n\t\t\t\t<div class=\"elementor-widget-container\">\n\t\t\t\t\t\t\t<p>With a BMus from Finland\u2019s Jean Sibelius Academy, Aapo is currently working towards a master\u2019s in performance from the same school and attending the Real Conservatorio Superior de M\u00fasica de Madrid as an Erasmus student. He has given numerous concerts at the Jean Sibelius Academy, Turku Conservatory, Rauma Museum and other venues in Finland. He has also taught guitar and chamber music in summer courses for the Laitila Music Institute. Aapo\u2019s commendable dedication to social outreach has led him to give live performances with the Finnish civil service and organise recreational activities for patients with mental illnesses.<\/p>\n\t\t\t\t\t\t<\/div>\n\t\t\t\t<\/div>\n\t\t\t\t\t<\/div>\n\t\t<\/div>\n\t\t\t\t<div class=\"elementor-column elementor-col-33 elementor-top-column elementor-element elementor-element-feaa718\" data-id=\"feaa718\" data-element_type=\"column\">\n\t\t\t<div class=\"elementor-widget-wrap elementor-element-populated\">\n\t\t\t\t\t\t\t\t<div class=\"elementor-element elementor-element-ca6cbdc elementor-widget elementor-widget-image\" data-id=\"ca6cbdc\" data-element_type=\"widget\" data-widget_type=\"image.default\">\n\t\t\t\t<div class=\"elementor-widget-container\">\n\t\t\t\t\t\t\t\t\t\t\t\t\t\t\t<img loading=\"lazy\" decoding=\"async\" width=\"568\" height=\"405\" src=\"https:\/\/culturaenvena.org\/mir\/wp-content\/uploads\/2022\/10\/miguel-ruiz.jpg\" class=\"attachment-large size-large wp-image-1084\" alt=\"\" srcset=\"https:\/\/culturaenvena.org\/mir\/wp-content\/uploads\/2022\/10\/miguel-ruiz.jpg 568w, https:\/\/culturaenvena.org\/mir\/wp-content\/uploads\/2022\/10\/miguel-ruiz-300x214.jpg 300w\" sizes=\"auto, (max-width: 568px) 100vw, 568px\" \/>\t\t\t\t\t\t\t\t\t\t\t\t\t\t\t<\/div>\n\t\t\t\t<\/div>\n\t\t\t\t<div class=\"elementor-element elementor-element-8a18919 elementor-widget__width-auto elementor-widget elementor-widget-heading\" data-id=\"8a18919\" data-element_type=\"widget\" data-widget_type=\"heading.default\">\n\t\t\t\t<div class=\"elementor-widget-container\">\n\t\t\t<h2 class=\"elementor-heading-title elementor-size-default\">MIGUEL RUIZ<\/h2>\t\t<\/div>\n\t\t\t\t<\/div>\n\t\t\t\t<div class=\"elementor-element elementor-element-141c2dc elementor-widget elementor-widget-heading\" data-id=\"141c2dc\" data-element_type=\"widget\" data-widget_type=\"heading.default\">\n\t\t\t\t<div class=\"elementor-widget-container\">\n\t\t\t<h6 class=\"elementor-heading-title elementor-size-default\">CLARINET<\/h6>\t\t<\/div>\n\t\t\t\t<\/div>\n\t\t\t\t<div class=\"elementor-element elementor-element-b098a85 elementor-widget elementor-widget-text-editor\" data-id=\"b098a85\" data-element_type=\"widget\" data-widget_type=\"text-editor.default\">\n\t\t\t\t<div class=\"elementor-widget-container\">\n\t\t\t\t\t\t\t<p>Born in Infantes, Ciudad Real, Miguel studied with Justo Sanz at the Real Conservatorio Superior de M\u00fasica de Madrid. In the capital, he discovered the world of jazz and enrolled at the Escuela de M\u00fasica Creativa, where he rounded out his classical training with classes in improvisation, modern harmony and composition-arrangements. After graduating, he won a scholarship from Fundaci\u00f3n Conexus to pursue a graduate degree at the prestigious Berklee College of Music. As a classical musician and performer, Miguel has appeared as a soloist on several occasions and has played with various orchestras and chamber groups, among them Quinteto Enara. As a jazz musician and performer, he is a founding member of the groups Half Past Clars, Guitarinet Jazz Duo, Worldquestra and Improvisus Ensemble.<\/p>\n\t\t\t\t\t\t<\/div>\n\t\t\t\t<\/div>\n\t\t\t\t\t<\/div>\n\t\t<\/div>\n\t\t\t\t<div class=\"elementor-column elementor-col-33 elementor-top-column elementor-element elementor-element-59b3bbf\" data-id=\"59b3bbf\" data-element_type=\"column\">\n\t\t\t<div class=\"elementor-widget-wrap elementor-element-populated\">\n\t\t\t\t\t\t\t\t<div class=\"elementor-element elementor-element-d4872e7 elementor-widget elementor-widget-image\" data-id=\"d4872e7\" data-element_type=\"widget\" data-widget_type=\"image.default\">\n\t\t\t\t<div class=\"elementor-widget-container\">\n\t\t\t\t\t\t\t\t\t\t\t\t\t\t\t<img loading=\"lazy\" decoding=\"async\" width=\"568\" height=\"405\" src=\"https:\/\/culturaenvena.org\/mir\/wp-content\/uploads\/2022\/10\/alberto-vina.jpg\" class=\"attachment-large size-large wp-image-1085\" alt=\"\" srcset=\"https:\/\/culturaenvena.org\/mir\/wp-content\/uploads\/2022\/10\/alberto-vina.jpg 568w, https:\/\/culturaenvena.org\/mir\/wp-content\/uploads\/2022\/10\/alberto-vina-300x214.jpg 300w\" sizes=\"auto, (max-width: 568px) 100vw, 568px\" \/>\t\t\t\t\t\t\t\t\t\t\t\t\t\t\t<\/div>\n\t\t\t\t<\/div>\n\t\t\t\t<div class=\"elementor-element elementor-element-9b7f182 elementor-widget__width-auto elementor-widget elementor-widget-heading\" data-id=\"9b7f182\" data-element_type=\"widget\" data-widget_type=\"heading.default\">\n\t\t\t\t<div class=\"elementor-widget-container\">\n\t\t\t<h2 class=\"elementor-heading-title elementor-size-default\">ALBERTO VI\u00d1A<\/h2>\t\t<\/div>\n\t\t\t\t<\/div>\n\t\t\t\t<div class=\"elementor-element elementor-element-8621d39 elementor-widget elementor-widget-heading\" data-id=\"8621d39\" data-element_type=\"widget\" data-widget_type=\"heading.default\">\n\t\t\t\t<div class=\"elementor-widget-container\">\n\t\t\t<h6 class=\"elementor-heading-title elementor-size-default\">GUITAR<\/h6>\t\t<\/div>\n\t\t\t\t<\/div>\n\t\t\t\t<div class=\"elementor-element elementor-element-0b7c7a2 elementor-widget elementor-widget-text-editor\" data-id=\"0b7c7a2\" data-element_type=\"widget\" data-widget_type=\"text-editor.default\">\n\t\t\t\t<div class=\"elementor-widget-container\">\n\t\t\t\t\t\t\t<p>A Uruguayan with a BMus in guitar from the Real Conservatorio Superior de M\u00fasica de Madrid, Alberto studied under Jos\u00e9 Luis Rodrigo. His remarkable versatility allows him to play a wide variety of styles, most notably jazz, classical and tango. Alberto is currently involved with various groups, including the Guitarnet duo, and regularly performs at Bar Docamar. He has played major venues such as Teatro Sol\u00eds, Sala Clamores, Caf\u00e9 Central, Sala Vaz Ferreira and Auditorio Mario Benedetti.<\/p>\n\t\t\t\t\t\t<\/div>\n\t\t\t\t<\/div>\n\t\t\t\t\t<\/div>\n\t\t<\/div>\n\t\t\t\t\t\t\t<\/div>\n\t\t<\/section>\n\t\t\t\t<section class=\"elementor-section elementor-top-section elementor-element elementor-element-2f22b95 elementor-section-boxed elementor-section-height-default elementor-section-height-default\" data-id=\"2f22b95\" data-element_type=\"section\">\n\t\t\t\t\t\t<div class=\"elementor-container elementor-column-gap-wide\">\n\t\t\t\t\t<div class=\"elementor-column elementor-col-33 elementor-top-column elementor-element elementor-element-adbe890\" data-id=\"adbe890\" data-element_type=\"column\">\n\t\t\t<div class=\"elementor-widget-wrap elementor-element-populated\">\n\t\t\t\t\t\t\t\t<div class=\"elementor-element elementor-element-4bea819 elementor-widget elementor-widget-image\" data-id=\"4bea819\" data-element_type=\"widget\" data-widget_type=\"image.default\">\n\t\t\t\t<div class=\"elementor-widget-container\">\n\t\t\t\t\t\t\t\t\t\t\t\t\t\t\t<img loading=\"lazy\" decoding=\"async\" width=\"568\" height=\"405\" src=\"https:\/\/culturaenvena.org\/mir\/wp-content\/uploads\/2022\/10\/carla-perez.jpg\" class=\"attachment-large size-large wp-image-1086\" alt=\"\" srcset=\"https:\/\/culturaenvena.org\/mir\/wp-content\/uploads\/2022\/10\/carla-perez.jpg 568w, https:\/\/culturaenvena.org\/mir\/wp-content\/uploads\/2022\/10\/carla-perez-300x214.jpg 300w\" sizes=\"auto, (max-width: 568px) 100vw, 568px\" \/>\t\t\t\t\t\t\t\t\t\t\t\t\t\t\t<\/div>\n\t\t\t\t<\/div>\n\t\t\t\t<div class=\"elementor-element elementor-element-8f64b0d elementor-widget__width-auto elementor-widget elementor-widget-heading\" data-id=\"8f64b0d\" data-element_type=\"widget\" data-widget_type=\"heading.default\">\n\t\t\t\t<div class=\"elementor-widget-container\">\n\t\t\t<h2 class=\"elementor-heading-title elementor-size-default\">CARLA P\u00c9REZ<\/h2>\t\t<\/div>\n\t\t\t\t<\/div>\n\t\t\t\t<div class=\"elementor-element elementor-element-3a7e77f elementor-widget elementor-widget-heading\" data-id=\"3a7e77f\" data-element_type=\"widget\" data-widget_type=\"heading.default\">\n\t\t\t\t<div class=\"elementor-widget-container\">\n\t\t\t<h6 class=\"elementor-heading-title elementor-size-default\">FLUTE<\/h6>\t\t<\/div>\n\t\t\t\t<\/div>\n\t\t\t\t<div class=\"elementor-element elementor-element-43d757e elementor-widget elementor-widget-text-editor\" data-id=\"43d757e\" data-element_type=\"widget\" data-widget_type=\"text-editor.default\">\n\t\t\t\t<div class=\"elementor-widget-container\">\n\t\t\t\t\t\t\t<p>Carla earned an intermediate music degree with a specialty in flute from the Conservatorio Profesional de M\u00fasica de Segovia. She later attended the Real Conservatorio Superior de M\u00fasica de Madrid, where she completed an advanced degree in flute while also pursuing a double BA in Early Childhood and Primary Education with a special mention in Music from the Universidad de Valladolid. She took courses in flamenco for melodic instruments taught by flautist Juan Parrilla and has played with groups such as the Ensamble de M\u00fasica Contempor\u00e1nea de Segovia, Banda Municipal de Madrid and Banda Sinf\u00f3nica del RCSMM. Carla gives private lessons in flute and music theory. She is familiar with different music therapy methods and has even had GIM (Guided Music and Imagery) sessions as a patient.<\/p>\n\t\t\t\t\t\t<\/div>\n\t\t\t\t<\/div>\n\t\t\t\t\t<\/div>\n\t\t<\/div>\n\t\t\t\t<div class=\"elementor-column elementor-col-33 elementor-top-column elementor-element elementor-element-a1572db\" data-id=\"a1572db\" data-element_type=\"column\">\n\t\t\t<div class=\"elementor-widget-wrap elementor-element-populated\">\n\t\t\t\t\t\t\t\t<div class=\"elementor-element elementor-element-b76b58a elementor-widget elementor-widget-image\" data-id=\"b76b58a\" data-element_type=\"widget\" data-widget_type=\"image.default\">\n\t\t\t\t<div class=\"elementor-widget-container\">\n\t\t\t\t\t\t\t\t\t\t\t\t\t\t\t<img loading=\"lazy\" decoding=\"async\" width=\"568\" height=\"405\" src=\"https:\/\/culturaenvena.org\/mir\/wp-content\/uploads\/2022\/10\/raquel-ovejas.jpg\" class=\"attachment-large size-large wp-image-1087\" alt=\"\" srcset=\"https:\/\/culturaenvena.org\/mir\/wp-content\/uploads\/2022\/10\/raquel-ovejas.jpg 568w, https:\/\/culturaenvena.org\/mir\/wp-content\/uploads\/2022\/10\/raquel-ovejas-300x214.jpg 300w\" sizes=\"auto, (max-width: 568px) 100vw, 568px\" \/>\t\t\t\t\t\t\t\t\t\t\t\t\t\t\t<\/div>\n\t\t\t\t<\/div>\n\t\t\t\t<div class=\"elementor-element elementor-element-cc88fdb elementor-widget__width-auto elementor-widget elementor-widget-heading\" data-id=\"cc88fdb\" data-element_type=\"widget\" data-widget_type=\"heading.default\">\n\t\t\t\t<div class=\"elementor-widget-container\">\n\t\t\t<h2 class=\"elementor-heading-title elementor-size-default\">RAQUEL OVEJAS<\/h2>\t\t<\/div>\n\t\t\t\t<\/div>\n\t\t\t\t<div class=\"elementor-element elementor-element-4500607 elementor-widget elementor-widget-heading\" data-id=\"4500607\" data-element_type=\"widget\" data-widget_type=\"heading.default\">\n\t\t\t\t<div class=\"elementor-widget-container\">\n\t\t\t<h6 class=\"elementor-heading-title elementor-size-default\">VIOLIN<\/h6>\t\t<\/div>\n\t\t\t\t<\/div>\n\t\t\t\t<div class=\"elementor-element elementor-element-2e41a94 elementor-widget elementor-widget-text-editor\" data-id=\"2e41a94\" data-element_type=\"widget\" data-widget_type=\"text-editor.default\">\n\t\t\t\t<div class=\"elementor-widget-container\">\n\t\t\t\t\t\t\t<p>Raquel graduated from the Real Conservatorio Superior de M\u00fasica de Madrid in 2013 and was given two JONDE-Fundaci\u00f3n BBVA scholarships to receive master classes in Germany. Trained in the field of education, she also completed her professional music degree with an honorary prize in violin. Raquel has played with the Orquesta Nacional de Espa\u00f1a, Orquestra Simf\u00f3nica de les Illes Balears, International Youth Orchestra, Joven Orquesta Nacional de Espa\u00f1a and Joven Orquesta de la Comunidad de Madrid, where she was first violin. She also participates in A Kiss for All the World, an outreach initiative that brings live music to disadvantaged locations across the globe.<\/p>\n\t\t\t\t\t\t<\/div>\n\t\t\t\t<\/div>\n\t\t\t\t\t<\/div>\n\t\t<\/div>\n\t\t\t\t<div class=\"elementor-column elementor-col-33 elementor-top-column elementor-element elementor-element-ed80e70\" data-id=\"ed80e70\" data-element_type=\"column\">\n\t\t\t<div class=\"elementor-widget-wrap elementor-element-populated\">\n\t\t\t\t\t\t\t\t<div class=\"elementor-element elementor-element-a05a3ec elementor-widget elementor-widget-image\" data-id=\"a05a3ec\" data-element_type=\"widget\" data-widget_type=\"image.default\">\n\t\t\t\t<div class=\"elementor-widget-container\">\n\t\t\t\t\t\t\t\t\t\t\t\t\t\t\t<img loading=\"lazy\" decoding=\"async\" width=\"568\" height=\"405\" src=\"https:\/\/culturaenvena.org\/mir\/wp-content\/uploads\/2022\/10\/erin-corine.jpg\" class=\"attachment-large size-large wp-image-1088\" alt=\"\" srcset=\"https:\/\/culturaenvena.org\/mir\/wp-content\/uploads\/2022\/10\/erin-corine.jpg 568w, https:\/\/culturaenvena.org\/mir\/wp-content\/uploads\/2022\/10\/erin-corine-300x214.jpg 300w\" sizes=\"auto, (max-width: 568px) 100vw, 568px\" \/>\t\t\t\t\t\t\t\t\t\t\t\t\t\t\t<\/div>\n\t\t\t\t<\/div>\n\t\t\t\t<div class=\"elementor-element elementor-element-b8d0b1e elementor-widget__width-auto elementor-widget elementor-widget-heading\" data-id=\"b8d0b1e\" data-element_type=\"widget\" data-widget_type=\"heading.default\">\n\t\t\t\t<div class=\"elementor-widget-container\">\n\t\t\t<h2 class=\"elementor-heading-title elementor-size-default\">ERIN CORINE<\/h2>\t\t<\/div>\n\t\t\t\t<\/div>\n\t\t\t\t<div class=\"elementor-element elementor-element-b26a1b5 elementor-widget elementor-widget-heading\" data-id=\"b26a1b5\" data-element_type=\"widget\" data-widget_type=\"heading.default\">\n\t\t\t\t<div class=\"elementor-widget-container\">\n\t\t\t<h6 class=\"elementor-heading-title elementor-size-default\">FLUTE AND VOICE<\/h6>\t\t<\/div>\n\t\t\t\t<\/div>\n\t\t\t\t<div class=\"elementor-element elementor-element-e0dc89d elementor-widget elementor-widget-text-editor\" data-id=\"e0dc89d\" data-element_type=\"widget\" data-widget_type=\"text-editor.default\">\n\t\t\t\t<div class=\"elementor-widget-container\">\n\t\t\t\t\t\t\t<p>Erin has a BMus in flute performance and pedagogy from the University of Illinois at Urbana-Champaign and an MMus in contemporary performance (production concentration) from the Berklee College of Music, Valencia. She is a bilingual vocalist, multi-genre flautist and music educator. Erin gives bilingual classes in music theory, musicology and ethno-musicology, performance and other areas. She is currently a tutor and native workshop instructor at Escuela de Blues de Madrid, specialised in teaching African American music. She is also the author of a course called \u201cEnglish for Singers through Black Music Interpretation\u201d.<\/p>\n\t\t\t\t\t\t<\/div>\n\t\t\t\t<\/div>\n\t\t\t\t\t<\/div>\n\t\t<\/div>\n\t\t\t\t\t\t\t<\/div>\n\t\t<\/section>\n\t\t\t\t<section class=\"elementor-section elementor-top-section elementor-element elementor-element-8b5253c elementor-section-boxed elementor-section-height-default elementor-section-height-default\" data-id=\"8b5253c\" data-element_type=\"section\">\n\t\t\t\t\t\t<div class=\"elementor-container elementor-column-gap-wide\">\n\t\t\t\t\t<div class=\"elementor-column elementor-col-33 elementor-top-column elementor-element elementor-element-178cc8e\" data-id=\"178cc8e\" data-element_type=\"column\">\n\t\t\t<div class=\"elementor-widget-wrap elementor-element-populated\">\n\t\t\t\t\t\t\t\t<div class=\"elementor-element elementor-element-65f549f elementor-widget elementor-widget-image\" data-id=\"65f549f\" data-element_type=\"widget\" data-widget_type=\"image.default\">\n\t\t\t\t<div class=\"elementor-widget-container\">\n\t\t\t\t\t\t\t\t\t\t\t\t\t\t\t<img loading=\"lazy\" decoding=\"async\" width=\"568\" height=\"405\" src=\"https:\/\/culturaenvena.org\/mir\/wp-content\/uploads\/2022\/10\/yoel-molina.jpg\" class=\"attachment-large size-large wp-image-1089\" alt=\"\" srcset=\"https:\/\/culturaenvena.org\/mir\/wp-content\/uploads\/2022\/10\/yoel-molina.jpg 568w, https:\/\/culturaenvena.org\/mir\/wp-content\/uploads\/2022\/10\/yoel-molina-300x214.jpg 300w\" sizes=\"auto, (max-width: 568px) 100vw, 568px\" \/>\t\t\t\t\t\t\t\t\t\t\t\t\t\t\t<\/div>\n\t\t\t\t<\/div>\n\t\t\t\t<div class=\"elementor-element elementor-element-24a766a elementor-widget__width-auto elementor-widget elementor-widget-heading\" data-id=\"24a766a\" data-element_type=\"widget\" data-widget_type=\"heading.default\">\n\t\t\t\t<div class=\"elementor-widget-container\">\n\t\t\t<h2 class=\"elementor-heading-title elementor-size-default\">YOEL MOLINA<\/h2>\t\t<\/div>\n\t\t\t\t<\/div>\n\t\t\t\t<div class=\"elementor-element elementor-element-3ea75ef elementor-widget elementor-widget-heading\" data-id=\"3ea75ef\" data-element_type=\"widget\" data-widget_type=\"heading.default\">\n\t\t\t\t<div class=\"elementor-widget-container\">\n\t\t\t<h6 class=\"elementor-heading-title elementor-size-default\">GUITAR<\/h6>\t\t<\/div>\n\t\t\t\t<\/div>\n\t\t\t\t<div class=\"elementor-element elementor-element-2d92c66 elementor-widget elementor-widget-text-editor\" data-id=\"2d92c66\" data-element_type=\"widget\" data-widget_type=\"text-editor.default\">\n\t\t\t\t<div class=\"elementor-widget-container\">\n\t\t\t\t\t\t\t<p>Yoel has a master\u2019s in jazz guitar from the Conservatorium van Amsterdam and advanced music degree with a specialty in jazz from Musikene (San Sebasti\u00e1n). He taught guitar to intermediate students at the Escuela M\u00fasica Creativa and worked as a substitute teacher for city schools. Yoel taught instrument and ensemble at the NyasJazz seminar in Alicante and has worked with musicians such as Bobby Mart\u00ednez, Juanma Borroso, Xan Campos and Stephan Frans, among others. He has played at numerous festivals and clubs, including Donostia Jazzaldia, Amsterdam Jazz Festival, 1906 and Rotterdam Jazzdag. He recorded the Larchey Zore album with Charley Rose and appeared on Xan Campos\u2019s ESD. He is currently a member of the band Les Bohemes.<\/p>\n\t\t\t\t\t\t<\/div>\n\t\t\t\t<\/div>\n\t\t\t\t\t<\/div>\n\t\t<\/div>\n\t\t\t\t<div class=\"elementor-column elementor-col-33 elementor-top-column elementor-element elementor-element-c06f2ba\" data-id=\"c06f2ba\" data-element_type=\"column\">\n\t\t\t<div class=\"elementor-widget-wrap elementor-element-populated\">\n\t\t\t\t\t\t\t\t<div class=\"elementor-element elementor-element-f665363 elementor-widget elementor-widget-image\" data-id=\"f665363\" data-element_type=\"widget\" data-widget_type=\"image.default\">\n\t\t\t\t<div class=\"elementor-widget-container\">\n\t\t\t\t\t\t\t\t\t\t\t\t\t\t\t<img loading=\"lazy\" decoding=\"async\" width=\"568\" height=\"405\" src=\"https:\/\/culturaenvena.org\/mir\/wp-content\/uploads\/2022\/10\/arantxa-bermejo.jpg\" class=\"attachment-large size-large wp-image-1090\" alt=\"\" srcset=\"https:\/\/culturaenvena.org\/mir\/wp-content\/uploads\/2022\/10\/arantxa-bermejo.jpg 568w, https:\/\/culturaenvena.org\/mir\/wp-content\/uploads\/2022\/10\/arantxa-bermejo-300x214.jpg 300w\" sizes=\"auto, (max-width: 568px) 100vw, 568px\" \/>\t\t\t\t\t\t\t\t\t\t\t\t\t\t\t<\/div>\n\t\t\t\t<\/div>\n\t\t\t\t<div class=\"elementor-element elementor-element-e9e01db elementor-widget__width-auto elementor-widget elementor-widget-heading\" data-id=\"e9e01db\" data-element_type=\"widget\" data-widget_type=\"heading.default\">\n\t\t\t\t<div class=\"elementor-widget-container\">\n\t\t\t<h2 class=\"elementor-heading-title elementor-size-default\">ARANTXA BERMEJO<\/h2>\t\t<\/div>\n\t\t\t\t<\/div>\n\t\t\t\t<div class=\"elementor-element elementor-element-eecb4de elementor-widget elementor-widget-heading\" data-id=\"eecb4de\" data-element_type=\"widget\" data-widget_type=\"heading.default\">\n\t\t\t\t<div class=\"elementor-widget-container\">\n\t\t\t<h6 class=\"elementor-heading-title elementor-size-default\">CLARINET<\/h6>\t\t<\/div>\n\t\t\t\t<\/div>\n\t\t\t\t<div class=\"elementor-element elementor-element-08fe741 elementor-widget elementor-widget-text-editor\" data-id=\"08fe741\" data-element_type=\"widget\" data-widget_type=\"text-editor.default\">\n\t\t\t\t<div class=\"elementor-widget-container\">\n\t\t\t\t\t\t\t<p>Arantxa\u2019s higher education began at the Conservatorio Profesional de M\u00fasica de Alcal\u00e1 de Henares, where she took the professional music degree course with a specialty in clarinet. She also has a BA in Journalism from Universidad Rey Juan Carlos I and is currently working towards an advanced music degree, specialising in clarinet performance, at the Real Conservatorio Superior de M\u00fasica de Madrid. She teaches music and movement at Escuela Solmusic and clarinet and music theory at the music school of the Banda Sinf\u00f3nica Complutense de Alcal\u00e1 de Henares. She is also bandmaster of the Banda de la Uni\u00f3n Musical \u201cEl Maestro\u201d. Arantxa was a member of the Orquesta de la Universidad de Alcal\u00e1, playing in its various chamber groups, and was second clarinet in the Orquesta Filarmon\u00eda. She performed O. Navarro\u2019s 2nd Clarinet Concerto as a soloist with the Banda Sinf\u00f3nica Complutense.<\/p>\n\t\t\t\t\t\t<\/div>\n\t\t\t\t<\/div>\n\t\t\t\t\t<\/div>\n\t\t<\/div>\n\t\t\t\t<div class=\"elementor-column elementor-col-33 elementor-top-column elementor-element elementor-element-5fa2b37\" data-id=\"5fa2b37\" data-element_type=\"column\">\n\t\t\t<div class=\"elementor-widget-wrap elementor-element-populated\">\n\t\t\t\t\t\t\t\t<div class=\"elementor-element elementor-element-94b1d18 elementor-widget elementor-widget-image\" data-id=\"94b1d18\" data-element_type=\"widget\" data-widget_type=\"image.default\">\n\t\t\t\t<div class=\"elementor-widget-container\">\n\t\t\t\t\t\t\t\t\t\t\t\t\t\t\t<img loading=\"lazy\" decoding=\"async\" width=\"568\" height=\"405\" src=\"https:\/\/culturaenvena.org\/mir\/wp-content\/uploads\/2022\/10\/andres-calamardo.jpg\" class=\"attachment-large size-large wp-image-1091\" alt=\"\" srcset=\"https:\/\/culturaenvena.org\/mir\/wp-content\/uploads\/2022\/10\/andres-calamardo.jpg 568w, https:\/\/culturaenvena.org\/mir\/wp-content\/uploads\/2022\/10\/andres-calamardo-300x214.jpg 300w\" sizes=\"auto, (max-width: 568px) 100vw, 568px\" \/>\t\t\t\t\t\t\t\t\t\t\t\t\t\t\t<\/div>\n\t\t\t\t<\/div>\n\t\t\t\t<div class=\"elementor-element elementor-element-1628efb elementor-widget__width-auto elementor-widget elementor-widget-heading\" data-id=\"1628efb\" data-element_type=\"widget\" data-widget_type=\"heading.default\">\n\t\t\t\t<div class=\"elementor-widget-container\">\n\t\t\t<h2 class=\"elementor-heading-title elementor-size-default\">ANDR\u00c9S CALAMARDO<\/h2>\t\t<\/div>\n\t\t\t\t<\/div>\n\t\t\t\t<div class=\"elementor-element elementor-element-88012a1 elementor-widget elementor-widget-heading\" data-id=\"88012a1\" data-element_type=\"widget\" data-widget_type=\"heading.default\">\n\t\t\t\t<div class=\"elementor-widget-container\">\n\t\t\t<h6 class=\"elementor-heading-title elementor-size-default\">CLARINET<\/h6>\t\t<\/div>\n\t\t\t\t<\/div>\n\t\t\t\t<div class=\"elementor-element elementor-element-8236b43 elementor-widget elementor-widget-text-editor\" data-id=\"8236b43\" data-element_type=\"widget\" data-widget_type=\"text-editor.default\">\n\t\t\t\t<div class=\"elementor-widget-container\">\n\t\t\t\t\t\t\t<p>Andr\u00e9s has a professional music degree, with a specialty in clarinet, from the Conservatorio Profesional de M\u00fasica de Alcal\u00e1 de Henares, and an advanced music degree, also specialising in clarinet, from Musikene &#8211; Centro Superior de M\u00fasica del Pa\u00eds Vasco. He has received classes from instructors of the stature of Martin Fr\u00f6st and Jean-Louis Sajot, among others. He is currently solo clarinettist with the Banda Sinf\u00f3nica Complutense de Alcal\u00e1 de Henares. Andr\u00e9s was also first clarinet on the Queen Rock Symphonic tour with the One World Symphonic Orchestra. He teaches clarinet and saxophone at the Escuela Municipal de Valdeluz and has played with the Orquesta Sinf\u00f3nica de Euskadi, Orquesta Iuventas of Madrid, and Banda Victoria de Los \u00c1ngeles, among other ensembles.<\/p>\n\t\t\t\t\t\t<\/div>\n\t\t\t\t<\/div>\n\t\t\t\t\t<\/div>\n\t\t<\/div>\n\t\t\t\t\t\t\t<\/div>\n\t\t<\/section>\n\t\t\t\t<section class=\"elementor-section elementor-top-section elementor-element elementor-element-658f116 elementor-section-boxed elementor-section-height-default elementor-section-height-default\" data-id=\"658f116\" data-element_type=\"section\">\n\t\t\t\t\t\t<div class=\"elementor-container elementor-column-gap-wide\">\n\t\t\t\t\t<div class=\"elementor-column elementor-col-33 elementor-top-column elementor-element elementor-element-5ac643d\" data-id=\"5ac643d\" data-element_type=\"column\">\n\t\t\t<div class=\"elementor-widget-wrap elementor-element-populated\">\n\t\t\t\t\t\t\t\t<div class=\"elementor-element elementor-element-ba4d3b0 elementor-widget elementor-widget-image\" data-id=\"ba4d3b0\" data-element_type=\"widget\" data-widget_type=\"image.default\">\n\t\t\t\t<div class=\"elementor-widget-container\">\n\t\t\t\t\t\t\t\t\t\t\t\t\t\t\t<img loading=\"lazy\" decoding=\"async\" width=\"568\" height=\"405\" src=\"https:\/\/culturaenvena.org\/mir\/wp-content\/uploads\/2022\/10\/david-hontalva.jpg\" class=\"attachment-large size-large wp-image-1092\" alt=\"\" srcset=\"https:\/\/culturaenvena.org\/mir\/wp-content\/uploads\/2022\/10\/david-hontalva.jpg 568w, https:\/\/culturaenvena.org\/mir\/wp-content\/uploads\/2022\/10\/david-hontalva-300x214.jpg 300w\" sizes=\"auto, (max-width: 568px) 100vw, 568px\" \/>\t\t\t\t\t\t\t\t\t\t\t\t\t\t\t<\/div>\n\t\t\t\t<\/div>\n\t\t\t\t<div class=\"elementor-element elementor-element-ea1c6e1 elementor-widget__width-auto elementor-widget elementor-widget-heading\" data-id=\"ea1c6e1\" data-element_type=\"widget\" data-widget_type=\"heading.default\">\n\t\t\t\t<div class=\"elementor-widget-container\">\n\t\t\t<h2 class=\"elementor-heading-title elementor-size-default\">DAVID HONTALVA<\/h2>\t\t<\/div>\n\t\t\t\t<\/div>\n\t\t\t\t<div class=\"elementor-element elementor-element-c049632 elementor-widget elementor-widget-heading\" data-id=\"c049632\" data-element_type=\"widget\" data-widget_type=\"heading.default\">\n\t\t\t\t<div class=\"elementor-widget-container\">\n\t\t\t<h6 class=\"elementor-heading-title elementor-size-default\">GUITAR<\/h6>\t\t<\/div>\n\t\t\t\t<\/div>\n\t\t\t\t<div class=\"elementor-element elementor-element-b8c5072 elementor-widget elementor-widget-text-editor\" data-id=\"b8c5072\" data-element_type=\"widget\" data-widget_type=\"text-editor.default\">\n\t\t\t\t<div class=\"elementor-widget-container\">\n\t\t\t\t\t\t\t<p>David teaches music at several academies in the region of Madrid and plays flamenco guitar with different groups, giving performance in Belgium and Switzerland.<\/p>\n\t\t\t\t\t\t<\/div>\n\t\t\t\t<\/div>\n\t\t\t\t<div class=\"elementor-element elementor-element-54e1158 elementor-widget__width-auto elementor-widget elementor-widget-heading\" data-id=\"54e1158\" data-element_type=\"widget\" data-widget_type=\"heading.default\">\n\t\t\t\t<div class=\"elementor-widget-container\">\n\t\t\t<h2 class=\"elementor-heading-title elementor-size-default\">VIRGINIA GONZ\u00c1LEZ<\/h2>\t\t<\/div>\n\t\t\t\t<\/div>\n\t\t\t\t<div class=\"elementor-element elementor-element-3f2a146 elementor-widget elementor-widget-heading\" data-id=\"3f2a146\" data-element_type=\"widget\" data-widget_type=\"heading.default\">\n\t\t\t\t<div class=\"elementor-widget-container\">\n\t\t\t<h6 class=\"elementor-heading-title elementor-size-default\">VOICE<\/h6>\t\t<\/div>\n\t\t\t\t<\/div>\n\t\t\t\t<div class=\"elementor-element elementor-element-bc89f7e elementor-widget elementor-widget-text-editor\" data-id=\"bc89f7e\" data-element_type=\"widget\" data-widget_type=\"text-editor.default\">\n\t\t\t\t<div class=\"elementor-widget-container\">\n\t\t\t\t\t\t\t<p>Virginia is a flamenco singer with 10 years\u2019 experience who has been involved in various projects with dance schools and associations as well as her own individual initiatives.<\/p>\n\t\t\t\t\t\t<\/div>\n\t\t\t\t<\/div>\n\t\t\t\t\t<\/div>\n\t\t<\/div>\n\t\t\t\t<div class=\"elementor-column elementor-col-33 elementor-top-column elementor-element elementor-element-0e31e2e\" data-id=\"0e31e2e\" data-element_type=\"column\">\n\t\t\t<div class=\"elementor-widget-wrap elementor-element-populated\">\n\t\t\t\t\t\t\t\t<div class=\"elementor-element elementor-element-23df1f4 elementor-widget elementor-widget-image\" data-id=\"23df1f4\" data-element_type=\"widget\" data-widget_type=\"image.default\">\n\t\t\t\t<div class=\"elementor-widget-container\">\n\t\t\t\t\t\t\t\t\t\t\t\t\t\t\t<img loading=\"lazy\" decoding=\"async\" width=\"568\" height=\"405\" src=\"https:\/\/culturaenvena.org\/mir\/wp-content\/uploads\/2022\/10\/juan-sanchez.jpg\" class=\"attachment-large size-large wp-image-1093\" alt=\"\" srcset=\"https:\/\/culturaenvena.org\/mir\/wp-content\/uploads\/2022\/10\/juan-sanchez.jpg 568w, https:\/\/culturaenvena.org\/mir\/wp-content\/uploads\/2022\/10\/juan-sanchez-300x214.jpg 300w\" sizes=\"auto, (max-width: 568px) 100vw, 568px\" \/>\t\t\t\t\t\t\t\t\t\t\t\t\t\t\t<\/div>\n\t\t\t\t<\/div>\n\t\t\t\t<div class=\"elementor-element elementor-element-79a48cf elementor-widget__width-auto elementor-widget elementor-widget-heading\" data-id=\"79a48cf\" data-element_type=\"widget\" data-widget_type=\"heading.default\">\n\t\t\t\t<div class=\"elementor-widget-container\">\n\t\t\t<h2 class=\"elementor-heading-title elementor-size-default\">JUAN S\u00c1NCHEZ<\/h2>\t\t<\/div>\n\t\t\t\t<\/div>\n\t\t\t\t<div class=\"elementor-element elementor-element-18c6d08 elementor-widget elementor-widget-heading\" data-id=\"18c6d08\" data-element_type=\"widget\" data-widget_type=\"heading.default\">\n\t\t\t\t<div class=\"elementor-widget-container\">\n\t\t\t<h6 class=\"elementor-heading-title elementor-size-default\">GUITAR<\/h6>\t\t<\/div>\n\t\t\t\t<\/div>\n\t\t\t\t<div class=\"elementor-element elementor-element-a491c98 elementor-widget elementor-widget-text-editor\" data-id=\"a491c98\" data-element_type=\"widget\" data-widget_type=\"text-editor.default\">\n\t\t\t\t<div class=\"elementor-widget-container\">\n\t\t\t\t\t\t\t<p>Juan began attending the Escuela de M\u00fasica y Danza de San Fernando de Henares when he was just nine years old. He completed his music education, specialising in guitar performance, under masters like Enrique Vargas and Jos\u00e9 Manuel Montoya at the Conservatorio Flamenco Casa Patas. He also learned modern harmony with Adri\u00e1n Alvarado and flamenco dance accompaniment at Escuela Marta de la Vega in Madrid. In addition to playing at Fundaci\u00f3n Conservatorio on many occasions, Juan gives flamenco guitar classes at several schools, including Conservatorio Casa Patas, and is involved with Colectivo Est\u00edmulo and Flamenco Jazz Project, a company with which he has travelled to Germany and Brussels. He is currently a guitar instructor at M\u00f3nica Tello, a creative space and school in Madrid, and belongs to the Tablao Flamenco Torero.<\/p>\n\t\t\t\t\t\t<\/div>\n\t\t\t\t<\/div>\n\t\t\t\t\t<\/div>\n\t\t<\/div>\n\t\t\t\t<div class=\"elementor-column elementor-col-33 elementor-top-column elementor-element elementor-element-8c08766\" data-id=\"8c08766\" data-element_type=\"column\">\n\t\t\t<div class=\"elementor-widget-wrap elementor-element-populated\">\n\t\t\t\t\t\t\t\t<div class=\"elementor-element elementor-element-0cf1d04 elementor-widget elementor-widget-image\" data-id=\"0cf1d04\" data-element_type=\"widget\" data-widget_type=\"image.default\">\n\t\t\t\t<div class=\"elementor-widget-container\">\n\t\t\t\t\t\t\t\t\t\t\t\t\t\t\t<img loading=\"lazy\" decoding=\"async\" width=\"568\" height=\"405\" src=\"https:\/\/culturaenvena.org\/mir\/wp-content\/uploads\/2022\/10\/irene-sanent.jpg\" class=\"attachment-large size-large wp-image-1094\" alt=\"\" srcset=\"https:\/\/culturaenvena.org\/mir\/wp-content\/uploads\/2022\/10\/irene-sanent.jpg 568w, https:\/\/culturaenvena.org\/mir\/wp-content\/uploads\/2022\/10\/irene-sanent-300x214.jpg 300w\" sizes=\"auto, (max-width: 568px) 100vw, 568px\" \/>\t\t\t\t\t\t\t\t\t\t\t\t\t\t\t<\/div>\n\t\t\t\t<\/div>\n\t\t\t\t<div class=\"elementor-element elementor-element-0be0431 elementor-widget__width-auto elementor-widget elementor-widget-heading\" data-id=\"0be0431\" data-element_type=\"widget\" data-widget_type=\"heading.default\">\n\t\t\t\t<div class=\"elementor-widget-container\">\n\t\t\t<h2 class=\"elementor-heading-title elementor-size-default\">IRENE SENENT<\/h2>\t\t<\/div>\n\t\t\t\t<\/div>\n\t\t\t\t<div class=\"elementor-element elementor-element-8085f30 elementor-widget elementor-widget-heading\" data-id=\"8085f30\" data-element_type=\"widget\" data-widget_type=\"heading.default\">\n\t\t\t\t<div class=\"elementor-widget-container\">\n\t\t\t<h6 class=\"elementor-heading-title elementor-size-default\">VIOLIN<\/h6>\t\t<\/div>\n\t\t\t\t<\/div>\n\t\t\t\t<div class=\"elementor-element elementor-element-4b452f8 elementor-widget elementor-widget-text-editor\" data-id=\"4b452f8\" data-element_type=\"widget\" data-widget_type=\"text-editor.default\">\n\t\t\t\t<div class=\"elementor-widget-container\">\n\t\t\t\t\t\t\t<p>Irene has an advanced degree from the Conservatorio Superior de M\u00fasica de Arag\u00f3n. She studied violin teaching for four years and received classes in violin performance from Isabel Vil\u00e1, Rolando Prusak, Yuri Nasuskin and other masters, as well as classes in chamber music and string quartet with Cuarteto Quiroga. She is a founding member of D\u00fao Asiduo. Irene plays with the Orquesta Cl\u00e1sica Europea, Orquesta Sinf\u00f3nica Goya, Barbieri Symphony Orchestra, Orquesta en el Tejado, Film Symphony Orchestra and Orquesta Cl\u00e1sica Santa Cecilia (Fundaci\u00f3n Excelentia). She has taught violin, piano, introduction to music and music theory at Academia Miralbueno, a music school in Zaragoza. She currently teaches violin and group classes at Escuela de M\u00fasica Cedam in Madrid and is a violin instructor and founding member of the social music DaLaNota.<\/p>\n\t\t\t\t\t\t<\/div>\n\t\t\t\t<\/div>\n\t\t\t\t\t<\/div>\n\t\t<\/div>\n\t\t\t\t\t\t\t<\/div>\n\t\t<\/section>\n\t\t\t\t<section class=\"elementor-section elementor-top-section elementor-element elementor-element-df7e6a5 elementor-section-boxed elementor-section-height-default elementor-section-height-default\" data-id=\"df7e6a5\" data-element_type=\"section\">\n\t\t\t\t\t\t<div class=\"elementor-container elementor-column-gap-wide\">\n\t\t\t\t\t<div class=\"elementor-column elementor-col-33 elementor-top-column elementor-element elementor-element-32acca9\" data-id=\"32acca9\" data-element_type=\"column\">\n\t\t\t<div class=\"elementor-widget-wrap elementor-element-populated\">\n\t\t\t\t\t\t\t\t<div class=\"elementor-element elementor-element-ced6644 elementor-widget elementor-widget-image\" data-id=\"ced6644\" data-element_type=\"widget\" data-widget_type=\"image.default\">\n\t\t\t\t<div class=\"elementor-widget-container\">\n\t\t\t\t\t\t\t\t\t\t\t\t\t\t\t<img loading=\"lazy\" decoding=\"async\" width=\"568\" height=\"405\" src=\"https:\/\/culturaenvena.org\/mir\/wp-content\/uploads\/2022\/10\/isabel-rodriguez.jpg\" class=\"attachment-large size-large wp-image-1095\" alt=\"\" srcset=\"https:\/\/culturaenvena.org\/mir\/wp-content\/uploads\/2022\/10\/isabel-rodriguez.jpg 568w, https:\/\/culturaenvena.org\/mir\/wp-content\/uploads\/2022\/10\/isabel-rodriguez-300x214.jpg 300w\" sizes=\"auto, (max-width: 568px) 100vw, 568px\" \/>\t\t\t\t\t\t\t\t\t\t\t\t\t\t\t<\/div>\n\t\t\t\t<\/div>\n\t\t\t\t<div class=\"elementor-element elementor-element-8de33ae elementor-widget__width-auto elementor-widget elementor-widget-heading\" data-id=\"8de33ae\" data-element_type=\"widget\" data-widget_type=\"heading.default\">\n\t\t\t\t<div class=\"elementor-widget-container\">\n\t\t\t<h2 class=\"elementor-heading-title elementor-size-default\">ISABEL RODR\u00cdGUEZ<\/h2>\t\t<\/div>\n\t\t\t\t<\/div>\n\t\t\t\t<div class=\"elementor-element elementor-element-d0e8472 elementor-widget elementor-widget-heading\" data-id=\"d0e8472\" data-element_type=\"widget\" data-widget_type=\"heading.default\">\n\t\t\t\t<div class=\"elementor-widget-container\">\n\t\t\t<h6 class=\"elementor-heading-title elementor-size-default\">FLUTE<\/h6>\t\t<\/div>\n\t\t\t\t<\/div>\n\t\t\t\t<div class=\"elementor-element elementor-element-333cd4d elementor-widget elementor-widget-text-editor\" data-id=\"333cd4d\" data-element_type=\"widget\" data-widget_type=\"text-editor.default\">\n\t\t\t\t<div class=\"elementor-widget-container\">\n\t\t\t\t\t\t\t<p>Isabel has an advanced music degree in flute performance from the Real Conservatorio Superior de M\u00fasica de Madrid and an intermediate degree in flute performance from the Conservatorio Profesional de M\u00fasica de Alc\u00e1zar de San Juan. She has experience as a flute teacher at MUSHI and a flautist with the Sinf\u00f3nica JMJ and other orchestras.<\/p>\n\t\t\t\t\t\t<\/div>\n\t\t\t\t<\/div>\n\t\t\t\t\t<\/div>\n\t\t<\/div>\n\t\t\t\t<div class=\"elementor-column elementor-col-33 elementor-top-column elementor-element elementor-element-c4d6404\" data-id=\"c4d6404\" data-element_type=\"column\">\n\t\t\t<div class=\"elementor-widget-wrap elementor-element-populated\">\n\t\t\t\t\t\t\t\t<div class=\"elementor-element elementor-element-601d172 elementor-widget elementor-widget-image\" data-id=\"601d172\" data-element_type=\"widget\" data-widget_type=\"image.default\">\n\t\t\t\t<div class=\"elementor-widget-container\">\n\t\t\t\t\t\t\t\t\t\t\t\t\t\t\t<img loading=\"lazy\" decoding=\"async\" width=\"568\" height=\"405\" src=\"https:\/\/culturaenvena.org\/mir\/wp-content\/uploads\/2022\/10\/paula-gomez.jpg\" class=\"attachment-large size-large wp-image-1096\" alt=\"\" srcset=\"https:\/\/culturaenvena.org\/mir\/wp-content\/uploads\/2022\/10\/paula-gomez.jpg 568w, https:\/\/culturaenvena.org\/mir\/wp-content\/uploads\/2022\/10\/paula-gomez-300x214.jpg 300w\" sizes=\"auto, (max-width: 568px) 100vw, 568px\" \/>\t\t\t\t\t\t\t\t\t\t\t\t\t\t\t<\/div>\n\t\t\t\t<\/div>\n\t\t\t\t<div class=\"elementor-element elementor-element-c0b97ac elementor-widget__width-auto elementor-widget elementor-widget-heading\" data-id=\"c0b97ac\" data-element_type=\"widget\" data-widget_type=\"heading.default\">\n\t\t\t\t<div class=\"elementor-widget-container\">\n\t\t\t<h2 class=\"elementor-heading-title elementor-size-default\">PAULA G\u00d3MEZ<\/h2>\t\t<\/div>\n\t\t\t\t<\/div>\n\t\t\t\t<div class=\"elementor-element elementor-element-bf63f43 elementor-widget elementor-widget-heading\" data-id=\"bf63f43\" data-element_type=\"widget\" data-widget_type=\"heading.default\">\n\t\t\t\t<div class=\"elementor-widget-container\">\n\t\t\t<h6 class=\"elementor-heading-title elementor-size-default\">GUITAR AND VOICE<\/h6>\t\t<\/div>\n\t\t\t\t<\/div>\n\t\t\t\t<div class=\"elementor-element elementor-element-2ca974a elementor-widget elementor-widget-text-editor\" data-id=\"2ca974a\" data-element_type=\"widget\" data-widget_type=\"text-editor.default\">\n\t\t\t\t<div class=\"elementor-widget-container\">\n\t\t\t\t\t\t\t<p>A singer-songwriter from Granada, Paula came to Madrid from Ireland, where she spent five years pursuing a music career. While there, she recorded and released her first album, Love and Hate, working with Bill Shanley (Ray Davies), guitarist and producer of her recording debut, and other musicians like Liam Bradley (Van Morrison), Binzer Brennan (The Frames) and Australian guitarist Stephen Housden. The album was a hit with critics and listeners alike, giving Paula the chance to play various festivals in Ireland and Spain and even a major international event like Canadian Music Week in Toronto, Canada.<\/p>\n\t\t\t\t\t\t<\/div>\n\t\t\t\t<\/div>\n\t\t\t\t\t<\/div>\n\t\t<\/div>\n\t\t\t\t<div class=\"elementor-column elementor-col-33 elementor-top-column elementor-element elementor-element-9234760\" data-id=\"9234760\" data-element_type=\"column\">\n\t\t\t<div class=\"elementor-widget-wrap elementor-element-populated\">\n\t\t\t\t\t\t\t\t<div class=\"elementor-element elementor-element-adf45a2 elementor-widget elementor-widget-image\" data-id=\"adf45a2\" data-element_type=\"widget\" data-widget_type=\"image.default\">\n\t\t\t\t<div class=\"elementor-widget-container\">\n\t\t\t\t\t\t\t\t\t\t\t\t\t\t\t<img loading=\"lazy\" decoding=\"async\" width=\"568\" height=\"405\" src=\"https:\/\/culturaenvena.org\/mir\/wp-content\/uploads\/2022\/10\/david-sancho.jpg\" class=\"attachment-large size-large wp-image-1097\" alt=\"\" srcset=\"https:\/\/culturaenvena.org\/mir\/wp-content\/uploads\/2022\/10\/david-sancho.jpg 568w, https:\/\/culturaenvena.org\/mir\/wp-content\/uploads\/2022\/10\/david-sancho-300x214.jpg 300w\" sizes=\"auto, (max-width: 568px) 100vw, 568px\" \/>\t\t\t\t\t\t\t\t\t\t\t\t\t\t\t<\/div>\n\t\t\t\t<\/div>\n\t\t\t\t<div class=\"elementor-element elementor-element-ed62bba elementor-widget__width-auto elementor-widget elementor-widget-heading\" data-id=\"ed62bba\" data-element_type=\"widget\" data-widget_type=\"heading.default\">\n\t\t\t\t<div class=\"elementor-widget-container\">\n\t\t\t<h2 class=\"elementor-heading-title elementor-size-default\">DAVID SANCHO<\/h2>\t\t<\/div>\n\t\t\t\t<\/div>\n\t\t\t\t<div class=\"elementor-element elementor-element-a78ee5c elementor-widget elementor-widget-heading\" data-id=\"a78ee5c\" data-element_type=\"widget\" data-widget_type=\"heading.default\">\n\t\t\t\t<div class=\"elementor-widget-container\">\n\t\t\t<h6 class=\"elementor-heading-title elementor-size-default\">PIANO<\/h6>\t\t<\/div>\n\t\t\t\t<\/div>\n\t\t\t\t<div class=\"elementor-element elementor-element-227d46d elementor-widget elementor-widget-text-editor\" data-id=\"227d46d\" data-element_type=\"widget\" data-widget_type=\"text-editor.default\">\n\t\t\t\t<div class=\"elementor-widget-container\">\n\t\t\t\t\t\t\t<p>David graduated from the Conservatorio Superior de Madrid, where he studied piano and education, and later went on to earn a degree in jazz piano at Codarts Rotterdam in the Netherlands. He trained with jazz musicians of the calibre of Kris Goessens and Barry Harris. David won the Hazen Intercentros (2003) and Hazen Comunidad de Madrid (2004) competitions and the Leiden Jazz Award (2011). In the field of classical music, he made a recording of 15 Two-Part Inventions by J. S. Bach (Enclave Creativa). His jazz production ranges from the cutting-edge sound of MONODRAMA (Modern Post Mortem) and SANCHEMA (with guitarist Chema S\u00e1iz) to the hip-hop\/jazz fusion of The Breitners (La Vida Sostenible). David also helped with the arrangements and compositions for Miryam Latrece\u2019s album Una necesidad. He regularly plays with national jazz figures like Mois\u00e9s S\u00e1nchez, Jorge Pardo and Noa Lur.<\/p>\n\t\t\t\t\t\t<\/div>\n\t\t\t\t<\/div>\n\t\t\t\t\t<\/div>\n\t\t<\/div>\n\t\t\t\t\t\t\t<\/div>\n\t\t<\/section>\n\t\t\t\t<section class=\"elementor-section elementor-top-section elementor-element elementor-element-04697ff elementor-section-boxed elementor-section-height-default elementor-section-height-default\" data-id=\"04697ff\" data-element_type=\"section\">\n\t\t\t\t\t\t<div class=\"elementor-container elementor-column-gap-wide\">\n\t\t\t\t\t<div class=\"elementor-column elementor-col-33 elementor-top-column elementor-element elementor-element-12fd610\" data-id=\"12fd610\" data-element_type=\"column\">\n\t\t\t<div class=\"elementor-widget-wrap elementor-element-populated\">\n\t\t\t\t\t\t\t\t<div class=\"elementor-element elementor-element-b9b6655 elementor-widget elementor-widget-image\" data-id=\"b9b6655\" data-element_type=\"widget\" data-widget_type=\"image.default\">\n\t\t\t\t<div class=\"elementor-widget-container\">\n\t\t\t\t\t\t\t\t\t\t\t\t\t\t\t<img loading=\"lazy\" decoding=\"async\" width=\"568\" height=\"405\" src=\"https:\/\/culturaenvena.org\/mir\/wp-content\/uploads\/2022\/10\/miguel-matamoro.jpg\" class=\"attachment-large size-large wp-image-1098\" alt=\"\" srcset=\"https:\/\/culturaenvena.org\/mir\/wp-content\/uploads\/2022\/10\/miguel-matamoro.jpg 568w, https:\/\/culturaenvena.org\/mir\/wp-content\/uploads\/2022\/10\/miguel-matamoro-300x214.jpg 300w\" sizes=\"auto, (max-width: 568px) 100vw, 568px\" \/>\t\t\t\t\t\t\t\t\t\t\t\t\t\t\t<\/div>\n\t\t\t\t<\/div>\n\t\t\t\t<div class=\"elementor-element elementor-element-9023687 elementor-widget__width-auto elementor-widget elementor-widget-heading\" data-id=\"9023687\" data-element_type=\"widget\" data-widget_type=\"heading.default\">\n\t\t\t\t<div class=\"elementor-widget-container\">\n\t\t\t<h2 class=\"elementor-heading-title elementor-size-default\">MIGUEL MATAMORO<\/h2>\t\t<\/div>\n\t\t\t\t<\/div>\n\t\t\t\t<div class=\"elementor-element elementor-element-28e60c0 elementor-widget elementor-widget-heading\" data-id=\"28e60c0\" data-element_type=\"widget\" data-widget_type=\"heading.default\">\n\t\t\t\t<div class=\"elementor-widget-container\">\n\t\t\t<h6 class=\"elementor-heading-title elementor-size-default\">PIANO<\/h6>\t\t<\/div>\n\t\t\t\t<\/div>\n\t\t\t\t<div class=\"elementor-element elementor-element-d07812d elementor-widget elementor-widget-text-editor\" data-id=\"d07812d\" data-element_type=\"widget\" data-widget_type=\"text-editor.default\">\n\t\t\t\t<div class=\"elementor-widget-container\">\n\t\t\t\t\t\t\t<p>A composer and pianist from Galicia, Miguel completed his advanced degree in composition at Musikene &#8211; Centro Superior de M\u00fasica del Pa\u00eds Vasco and did a master\u2019s course in contemporary instrumental composition at Centro Superior Katarina Gurska. In his years as a student, he also received master classes from G\u00e9rard Pesson, Adam Holzm\u00e1n and many other noted composers. Miguel personally studied under the composer Michael Finnissy. His compositions have been performed at different venues and festivals, including the Quincena Musical de San Sebasti\u00e1n, CentroCentro (Palacio de Cibeles, Madrid), Fundaci\u00f3n BBVA (Bilbao), Festival Sinkro (Vitoria) and Salle Igor Stravinsky (Schola Cantorum, Paris).<\/p>\n\t\t\t\t\t\t<\/div>\n\t\t\t\t<\/div>\n\t\t\t\t\t<\/div>\n\t\t<\/div>\n\t\t\t\t<div class=\"elementor-column elementor-col-33 elementor-top-column elementor-element elementor-element-133a35d\" data-id=\"133a35d\" data-element_type=\"column\">\n\t\t\t<div class=\"elementor-widget-wrap elementor-element-populated\">\n\t\t\t\t\t\t\t\t<div class=\"elementor-element elementor-element-6d34955 elementor-widget elementor-widget-image\" data-id=\"6d34955\" data-element_type=\"widget\" data-widget_type=\"image.default\">\n\t\t\t\t<div class=\"elementor-widget-container\">\n\t\t\t\t\t\t\t\t\t\t\t\t\t\t\t<img loading=\"lazy\" decoding=\"async\" width=\"568\" height=\"405\" src=\"https:\/\/culturaenvena.org\/mir\/wp-content\/uploads\/2022\/10\/miguel-sempere.jpg\" class=\"attachment-large size-large wp-image-1099\" alt=\"\" srcset=\"https:\/\/culturaenvena.org\/mir\/wp-content\/uploads\/2022\/10\/miguel-sempere.jpg 568w, https:\/\/culturaenvena.org\/mir\/wp-content\/uploads\/2022\/10\/miguel-sempere-300x214.jpg 300w\" sizes=\"auto, (max-width: 568px) 100vw, 568px\" \/>\t\t\t\t\t\t\t\t\t\t\t\t\t\t\t<\/div>\n\t\t\t\t<\/div>\n\t\t\t\t<div class=\"elementor-element elementor-element-548bec5 elementor-widget__width-auto elementor-widget elementor-widget-heading\" data-id=\"548bec5\" data-element_type=\"widget\" data-widget_type=\"heading.default\">\n\t\t\t\t<div class=\"elementor-widget-container\">\n\t\t\t<h2 class=\"elementor-heading-title elementor-size-default\">MIGUEL SEMPERE<\/h2>\t\t<\/div>\n\t\t\t\t<\/div>\n\t\t\t\t<div class=\"elementor-element elementor-element-6d70c8a elementor-widget elementor-widget-heading\" data-id=\"6d70c8a\" data-element_type=\"widget\" data-widget_type=\"heading.default\">\n\t\t\t\t<div class=\"elementor-widget-container\">\n\t\t\t<h6 class=\"elementor-heading-title elementor-size-default\">GUITAR<\/h6>\t\t<\/div>\n\t\t\t\t<\/div>\n\t\t\t\t<div class=\"elementor-element elementor-element-a0daf93 elementor-widget elementor-widget-text-editor\" data-id=\"a0daf93\" data-element_type=\"widget\" data-widget_type=\"text-editor.default\">\n\t\t\t\t<div class=\"elementor-widget-container\">\n\t\t\t\t\t\t\t<p>Miguel is a guitarist, producer and arranger with extensive experience as a live and session musician. He has a professional music degree from the Escuela de M\u00fasica Creativa and training in traditional classical, modern, electric and jazz guitar. He has taught guitar at several music schools, worked with artists like Jorge Pardo, and composed music for pictures.<\/p>\n\t\t\t\t\t\t<\/div>\n\t\t\t\t<\/div>\n\t\t\t\t\t<\/div>\n\t\t<\/div>\n\t\t\t\t<div class=\"elementor-column elementor-col-33 elementor-top-column elementor-element elementor-element-14ab3db\" data-id=\"14ab3db\" data-element_type=\"column\">\n\t\t\t<div class=\"elementor-widget-wrap elementor-element-populated\">\n\t\t\t\t\t\t\t\t<div class=\"elementor-element elementor-element-7b71bd9 elementor-widget elementor-widget-image\" data-id=\"7b71bd9\" data-element_type=\"widget\" data-widget_type=\"image.default\">\n\t\t\t\t<div class=\"elementor-widget-container\">\n\t\t\t\t\t\t\t\t\t\t\t\t\t\t\t<img loading=\"lazy\" decoding=\"async\" width=\"568\" height=\"405\" src=\"https:\/\/culturaenvena.org\/mir\/wp-content\/uploads\/2022\/10\/rodrigo-herrero.jpg\" class=\"attachment-large size-large wp-image-1100\" alt=\"\" srcset=\"https:\/\/culturaenvena.org\/mir\/wp-content\/uploads\/2022\/10\/rodrigo-herrero.jpg 568w, https:\/\/culturaenvena.org\/mir\/wp-content\/uploads\/2022\/10\/rodrigo-herrero-300x214.jpg 300w\" sizes=\"auto, (max-width: 568px) 100vw, 568px\" \/>\t\t\t\t\t\t\t\t\t\t\t\t\t\t\t<\/div>\n\t\t\t\t<\/div>\n\t\t\t\t<div class=\"elementor-element elementor-element-52e9be7 elementor-widget__width-auto elementor-widget elementor-widget-heading\" data-id=\"52e9be7\" data-element_type=\"widget\" data-widget_type=\"heading.default\">\n\t\t\t\t<div class=\"elementor-widget-container\">\n\t\t\t<h2 class=\"elementor-heading-title elementor-size-default\">RODRIGO HERRERO<\/h2>\t\t<\/div>\n\t\t\t\t<\/div>\n\t\t\t\t<div class=\"elementor-element elementor-element-8982c54 elementor-widget elementor-widget-heading\" data-id=\"8982c54\" data-element_type=\"widget\" data-widget_type=\"heading.default\">\n\t\t\t\t<div class=\"elementor-widget-container\">\n\t\t\t<h6 class=\"elementor-heading-title elementor-size-default\">CLARINET<\/h6>\t\t<\/div>\n\t\t\t\t<\/div>\n\t\t\t\t<div class=\"elementor-element elementor-element-823efeb elementor-widget elementor-widget-text-editor\" data-id=\"823efeb\" data-element_type=\"widget\" data-widget_type=\"text-editor.default\">\n\t\t\t\t<div class=\"elementor-widget-container\">\n\t\t\t\t\t\t\t<p>Rodrigo studied music at the Conservatorio Profesional de M\u00fasica Arturo Soria (\u201cPer l Jazz\u201d professional clarinet studies) and the Conservatorio Profesional de M\u00fasica Manuel de Falla de Alcorc\u00f3n. He has professional experience working as a teacher of guitar, piano, and music and movement, and as a clarinettist, saxophonist, composer and sound technician.<\/p>\n\t\t\t\t\t\t<\/div>\n\t\t\t\t<\/div>\n\t\t\t\t\t<\/div>\n\t\t<\/div>\n\t\t\t\t\t\t\t<\/div>\n\t\t<\/section>\n\t\t\t\t<section class=\"elementor-section elementor-top-section elementor-element elementor-element-a412c2c elementor-section-boxed elementor-section-height-default elementor-section-height-default\" data-id=\"a412c2c\" data-element_type=\"section\">\n\t\t\t\t\t\t<div class=\"elementor-container elementor-column-gap-wide\">\n\t\t\t\t\t<div class=\"elementor-column elementor-col-33 elementor-top-column elementor-element elementor-element-a5d03ff\" data-id=\"a5d03ff\" data-element_type=\"column\">\n\t\t\t<div class=\"elementor-widget-wrap elementor-element-populated\">\n\t\t\t\t\t\t\t\t<div class=\"elementor-element elementor-element-3404146 elementor-widget elementor-widget-image\" data-id=\"3404146\" data-element_type=\"widget\" data-widget_type=\"image.default\">\n\t\t\t\t<div class=\"elementor-widget-container\">\n\t\t\t\t\t\t\t\t\t\t\t\t\t\t\t<img loading=\"lazy\" decoding=\"async\" width=\"568\" height=\"405\" src=\"https:\/\/culturaenvena.org\/mir\/wp-content\/uploads\/2022\/10\/chico-perez.jpg\" class=\"attachment-large size-large wp-image-1101\" alt=\"\" srcset=\"https:\/\/culturaenvena.org\/mir\/wp-content\/uploads\/2022\/10\/chico-perez.jpg 568w, https:\/\/culturaenvena.org\/mir\/wp-content\/uploads\/2022\/10\/chico-perez-300x214.jpg 300w\" sizes=\"auto, (max-width: 568px) 100vw, 568px\" \/>\t\t\t\t\t\t\t\t\t\t\t\t\t\t\t<\/div>\n\t\t\t\t<\/div>\n\t\t\t\t<div class=\"elementor-element elementor-element-4089bda elementor-widget__width-auto elementor-widget elementor-widget-heading\" data-id=\"4089bda\" data-element_type=\"widget\" data-widget_type=\"heading.default\">\n\t\t\t\t<div class=\"elementor-widget-container\">\n\t\t\t<h2 class=\"elementor-heading-title elementor-size-default\">CHICO P\u00c9REZ<\/h2>\t\t<\/div>\n\t\t\t\t<\/div>\n\t\t\t\t<div class=\"elementor-element elementor-element-3c4df49 elementor-widget elementor-widget-heading\" data-id=\"3c4df49\" data-element_type=\"widget\" data-widget_type=\"heading.default\">\n\t\t\t\t<div class=\"elementor-widget-container\">\n\t\t\t<h6 class=\"elementor-heading-title elementor-size-default\">PIANO<\/h6>\t\t<\/div>\n\t\t\t\t<\/div>\n\t\t\t\t<div class=\"elementor-element elementor-element-b12be79 elementor-widget elementor-widget-text-editor\" data-id=\"b12be79\" data-element_type=\"widget\" data-widget_type=\"text-editor.default\">\n\t\t\t\t<div class=\"elementor-widget-container\">\n\t\t\t\t\t\t\t<p>Chico received an advanced music degree from the Conservatorio Superior de M\u00fasica de Ja\u00e9n in 2016. He studied under Pepe Rivero and Joaqu\u00edn Chac\u00f3n at EMC, took flamenco piano lessons with David Pe\u00f1a Dorantes, and received lessons in harmony, piano, jazz and big band. A pianist and keyboardist for El Rey Le\u00f3n and the All4Gospel Choir, Chico has worked with Jorge Pardo, El Carpeta, Paquete, Juan Debel, etc. He also has composing and teaching experience.<\/p>\n\t\t\t\t\t\t<\/div>\n\t\t\t\t<\/div>\n\t\t\t\t\t<\/div>\n\t\t<\/div>\n\t\t\t\t<div class=\"elementor-column elementor-col-33 elementor-top-column elementor-element elementor-element-7c773be\" data-id=\"7c773be\" data-element_type=\"column\">\n\t\t\t<div class=\"elementor-widget-wrap elementor-element-populated\">\n\t\t\t\t\t\t\t\t<div class=\"elementor-element elementor-element-59e2112 elementor-widget elementor-widget-image\" data-id=\"59e2112\" data-element_type=\"widget\" data-widget_type=\"image.default\">\n\t\t\t\t<div class=\"elementor-widget-container\">\n\t\t\t\t\t\t\t\t\t\t\t\t\t\t\t<img loading=\"lazy\" decoding=\"async\" width=\"568\" height=\"405\" src=\"https:\/\/culturaenvena.org\/mir\/wp-content\/uploads\/2022\/10\/elena-frutos.jpg\" class=\"attachment-large size-large wp-image-1102\" alt=\"\" srcset=\"https:\/\/culturaenvena.org\/mir\/wp-content\/uploads\/2022\/10\/elena-frutos.jpg 568w, https:\/\/culturaenvena.org\/mir\/wp-content\/uploads\/2022\/10\/elena-frutos-300x214.jpg 300w\" sizes=\"auto, (max-width: 568px) 100vw, 568px\" \/>\t\t\t\t\t\t\t\t\t\t\t\t\t\t\t<\/div>\n\t\t\t\t<\/div>\n\t\t\t\t<div class=\"elementor-element elementor-element-00d17a4 elementor-widget__width-auto elementor-widget elementor-widget-heading\" data-id=\"00d17a4\" data-element_type=\"widget\" data-widget_type=\"heading.default\">\n\t\t\t\t<div class=\"elementor-widget-container\">\n\t\t\t<h2 class=\"elementor-heading-title elementor-size-default\">ELENA FRUTOS<\/h2>\t\t<\/div>\n\t\t\t\t<\/div>\n\t\t\t\t<div class=\"elementor-element elementor-element-929d3f9 elementor-widget elementor-widget-heading\" data-id=\"929d3f9\" data-element_type=\"widget\" data-widget_type=\"heading.default\">\n\t\t\t\t<div class=\"elementor-widget-container\">\n\t\t\t<h6 class=\"elementor-heading-title elementor-size-default\">PIANO<\/h6>\t\t<\/div>\n\t\t\t\t<\/div>\n\t\t\t\t<div class=\"elementor-element elementor-element-f22f66c elementor-widget elementor-widget-text-editor\" data-id=\"f22f66c\" data-element_type=\"widget\" data-widget_type=\"text-editor.default\">\n\t\t\t\t<div class=\"elementor-widget-container\">\n\t\t\t\t\t\t\t<p>Elena earned a professional music degree at the Centro Integrado de M\u00fasica Padre Antonio Soler de San Lorenzo de El Escorial, Madrid, and went on to study at the Conservatorio Superior de M\u00fasica de Arag\u00f3n (CSMA), where her end-of-studies project won the highest possible distinction. In June 2018 she completed an MMus in Performance at the Escuela Superior de M\u00fasica Reina Sof\u00eda (ESMRS) in Madrid. She has performed as a soloist with the Orquesta del Centro Integrado de M\u00fasica de San Lorenzo de El Escorial under the baton of Giuseppe Mancini, the Orquesta Sinf\u00f3nica de Castilla y Le\u00f3n, and the Orquesta Sinf\u00f3nica Goya. Elena has given piano and chamber music recitals at numerous concerts halls in Spain, the Netherlands, France and Austria.<\/p>\n\t\t\t\t\t\t<\/div>\n\t\t\t\t<\/div>\n\t\t\t\t\t<\/div>\n\t\t<\/div>\n\t\t\t\t<div class=\"elementor-column elementor-col-33 elementor-top-column elementor-element elementor-element-e8469b1\" data-id=\"e8469b1\" data-element_type=\"column\">\n\t\t\t<div class=\"elementor-widget-wrap elementor-element-populated\">\n\t\t\t\t\t\t\t\t<div class=\"elementor-element elementor-element-22748c7 elementor-widget elementor-widget-image\" data-id=\"22748c7\" data-element_type=\"widget\" data-widget_type=\"image.default\">\n\t\t\t\t<div class=\"elementor-widget-container\">\n\t\t\t\t\t\t\t\t\t\t\t\t\t\t\t<img loading=\"lazy\" decoding=\"async\" width=\"568\" height=\"405\" src=\"https:\/\/culturaenvena.org\/mir\/wp-content\/uploads\/2022\/10\/irene-martin.jpg\" class=\"attachment-large size-large wp-image-1103\" alt=\"\" srcset=\"https:\/\/culturaenvena.org\/mir\/wp-content\/uploads\/2022\/10\/irene-martin.jpg 568w, https:\/\/culturaenvena.org\/mir\/wp-content\/uploads\/2022\/10\/irene-martin-300x214.jpg 300w\" sizes=\"auto, (max-width: 568px) 100vw, 568px\" \/>\t\t\t\t\t\t\t\t\t\t\t\t\t\t\t<\/div>\n\t\t\t\t<\/div>\n\t\t\t\t<div class=\"elementor-element elementor-element-7df2f16 elementor-widget__width-auto elementor-widget elementor-widget-heading\" data-id=\"7df2f16\" data-element_type=\"widget\" data-widget_type=\"heading.default\">\n\t\t\t\t<div class=\"elementor-widget-container\">\n\t\t\t<h2 class=\"elementor-heading-title elementor-size-default\">IRENE MART\u00cdN<\/h2>\t\t<\/div>\n\t\t\t\t<\/div>\n\t\t\t\t<div class=\"elementor-element elementor-element-8d4803a elementor-widget elementor-widget-heading\" data-id=\"8d4803a\" data-element_type=\"widget\" data-widget_type=\"heading.default\">\n\t\t\t\t<div class=\"elementor-widget-container\">\n\t\t\t<h6 class=\"elementor-heading-title elementor-size-default\">PIANO<\/h6>\t\t<\/div>\n\t\t\t\t<\/div>\n\t\t\t\t<div class=\"elementor-element elementor-element-2d7bb5b elementor-widget elementor-widget-text-editor\" data-id=\"2d7bb5b\" data-element_type=\"widget\" data-widget_type=\"text-editor.default\">\n\t\t\t\t<div class=\"elementor-widget-container\">\n\t\t\t\t\t\t\t<p>Irene has an MA in Music Therapy from Universidad Internacional de La Rioja, another MA in Teacher Training from the Universidad Internacional de Valencia, and an intermediate degree in Performance (piano specialty) from the Conservatorio Superior de M\u00fasica de Arag\u00f3n. She has taught at several music academies and schools and worked as a concert pianist.<\/p>\n\t\t\t\t\t\t<\/div>\n\t\t\t\t<\/div>\n\t\t\t\t\t<\/div>\n\t\t<\/div>\n\t\t\t\t\t\t\t<\/div>\n\t\t<\/section>\n\t\t\t\t<section class=\"elementor-section elementor-top-section elementor-element elementor-element-fb8829a elementor-section-boxed elementor-section-height-default elementor-section-height-default\" data-id=\"fb8829a\" data-element_type=\"section\">\n\t\t\t\t\t\t<div class=\"elementor-container elementor-column-gap-wide\">\n\t\t\t\t\t<div class=\"elementor-column elementor-col-33 elementor-top-column elementor-element elementor-element-c3385cc\" data-id=\"c3385cc\" data-element_type=\"column\">\n\t\t\t<div class=\"elementor-widget-wrap elementor-element-populated\">\n\t\t\t\t\t\t\t\t<div class=\"elementor-element elementor-element-9e65446 elementor-widget elementor-widget-image\" data-id=\"9e65446\" data-element_type=\"widget\" data-widget_type=\"image.default\">\n\t\t\t\t<div class=\"elementor-widget-container\">\n\t\t\t\t\t\t\t\t\t\t\t\t\t\t\t<img loading=\"lazy\" decoding=\"async\" width=\"568\" height=\"405\" src=\"https:\/\/culturaenvena.org\/mir\/wp-content\/uploads\/2022\/10\/gonzalo-encinal.jpg\" class=\"attachment-large size-large wp-image-1107\" alt=\"\" srcset=\"https:\/\/culturaenvena.org\/mir\/wp-content\/uploads\/2022\/10\/gonzalo-encinal.jpg 568w, https:\/\/culturaenvena.org\/mir\/wp-content\/uploads\/2022\/10\/gonzalo-encinal-300x214.jpg 300w\" sizes=\"auto, (max-width: 568px) 100vw, 568px\" \/>\t\t\t\t\t\t\t\t\t\t\t\t\t\t\t<\/div>\n\t\t\t\t<\/div>\n\t\t\t\t<div class=\"elementor-element elementor-element-ba7cc9d elementor-widget__width-auto elementor-widget elementor-widget-heading\" data-id=\"ba7cc9d\" data-element_type=\"widget\" data-widget_type=\"heading.default\">\n\t\t\t\t<div class=\"elementor-widget-container\">\n\t\t\t<h2 class=\"elementor-heading-title elementor-size-default\">Gonzalo Encinal<\/h2>\t\t<\/div>\n\t\t\t\t<\/div>\n\t\t\t\t<div class=\"elementor-element elementor-element-bfa9df2 elementor-widget elementor-widget-heading\" data-id=\"bfa9df2\" data-element_type=\"widget\" data-widget_type=\"heading.default\">\n\t\t\t\t<div class=\"elementor-widget-container\">\n\t\t\t<h6 class=\"elementor-heading-title elementor-size-default\">PIANO<\/h6>\t\t<\/div>\n\t\t\t\t<\/div>\n\t\t\t\t<div class=\"elementor-element elementor-element-c572df8 elementor-widget elementor-widget-text-editor\" data-id=\"c572df8\" data-element_type=\"widget\" data-widget_type=\"text-editor.default\">\n\t\t\t\t<div class=\"elementor-widget-container\">\n\t\t\t\t\t\t\t<p>With a BA in Advertising and Public Relations, Gonzalo studied modern music, specialising in jazz piano, at ESMUVA and has an official degree in contemporary music composition from Escuela TAI. He regularly plays with different jazz groups and has composed music for the screen, including the score for a short film, <em>Dra<\/em><em>gon<\/em>, that was selected at Cannes 2016.<\/p>\n\t\t\t\t\t\t<\/div>\n\t\t\t\t<\/div>\n\t\t\t\t\t<\/div>\n\t\t<\/div>\n\t\t\t\t<div class=\"elementor-column elementor-col-33 elementor-top-column elementor-element elementor-element-3ff8168\" data-id=\"3ff8168\" data-element_type=\"column\">\n\t\t\t<div class=\"elementor-widget-wrap elementor-element-populated\">\n\t\t\t\t\t\t\t\t<div class=\"elementor-element elementor-element-b93fe33 elementor-widget elementor-widget-image\" data-id=\"b93fe33\" data-element_type=\"widget\" data-widget_type=\"image.default\">\n\t\t\t\t<div class=\"elementor-widget-container\">\n\t\t\t\t\t\t\t\t\t\t\t\t\t\t\t<img loading=\"lazy\" decoding=\"async\" width=\"568\" height=\"405\" src=\"https:\/\/culturaenvena.org\/mir\/wp-content\/uploads\/2022\/10\/cecilia-krull.jpg\" class=\"attachment-large size-large wp-image-1108\" alt=\"\" srcset=\"https:\/\/culturaenvena.org\/mir\/wp-content\/uploads\/2022\/10\/cecilia-krull.jpg 568w, https:\/\/culturaenvena.org\/mir\/wp-content\/uploads\/2022\/10\/cecilia-krull-300x214.jpg 300w\" sizes=\"auto, (max-width: 568px) 100vw, 568px\" \/>\t\t\t\t\t\t\t\t\t\t\t\t\t\t\t<\/div>\n\t\t\t\t<\/div>\n\t\t\t\t<div class=\"elementor-element elementor-element-ab2c08e elementor-widget__width-auto elementor-widget elementor-widget-heading\" data-id=\"ab2c08e\" data-element_type=\"widget\" data-widget_type=\"heading.default\">\n\t\t\t\t<div class=\"elementor-widget-container\">\n\t\t\t<h2 class=\"elementor-heading-title elementor-size-default\">Cecilia Krull<\/h2>\t\t<\/div>\n\t\t\t\t<\/div>\n\t\t\t\t<div class=\"elementor-element elementor-element-daca272 elementor-widget elementor-widget-heading\" data-id=\"daca272\" data-element_type=\"widget\" data-widget_type=\"heading.default\">\n\t\t\t\t<div class=\"elementor-widget-container\">\n\t\t\t<h6 class=\"elementor-heading-title elementor-size-default\">Voice<\/h6>\t\t<\/div>\n\t\t\t\t<\/div>\n\t\t\t\t<div class=\"elementor-element elementor-element-95bbabc elementor-widget elementor-widget-text-editor\" data-id=\"95bbabc\" data-element_type=\"widget\" data-widget_type=\"text-editor.default\">\n\t\t\t\t<div class=\"elementor-widget-container\">\n\t\t\t\t\t\t\t<p>Cecilia&#8217;s career began with Disney at the tender age of seven, and she has performed with such noted artists as El Choj\u00edn and La Uni\u00f3n. Today she is known as one of the best voices in jazz, although her versatility has allowed her to master other genres like pop and soul. Cecilia has appeared at many music festivals and recorded soundtracks for films and TV shows, most notably <em>Vis a vis \/ Locked Up<\/em> and <em>La casa de papel \/ Money Heist<\/em> (2017).<\/p>\n\t\t\t\t\t\t<\/div>\n\t\t\t\t<\/div>\n\t\t\t\t\t<\/div>\n\t\t<\/div>\n\t\t\t\t<div class=\"elementor-column elementor-col-33 elementor-top-column elementor-element elementor-element-d37eb33\" data-id=\"d37eb33\" data-element_type=\"column\">\n\t\t\t<div class=\"elementor-widget-wrap elementor-element-populated\">\n\t\t\t\t\t\t\t\t<div class=\"elementor-element elementor-element-23bea2f elementor-widget elementor-widget-image\" data-id=\"23bea2f\" data-element_type=\"widget\" data-widget_type=\"image.default\">\n\t\t\t\t<div class=\"elementor-widget-container\">\n\t\t\t\t\t\t\t\t\t\t\t\t\t\t\t<img loading=\"lazy\" decoding=\"async\" width=\"568\" height=\"405\" src=\"https:\/\/culturaenvena.org\/mir\/wp-content\/uploads\/2022\/10\/nina-sunyer.jpg\" class=\"attachment-large size-large wp-image-1109\" alt=\"\" srcset=\"https:\/\/culturaenvena.org\/mir\/wp-content\/uploads\/2022\/10\/nina-sunyer.jpg 568w, https:\/\/culturaenvena.org\/mir\/wp-content\/uploads\/2022\/10\/nina-sunyer-300x214.jpg 300w\" sizes=\"auto, (max-width: 568px) 100vw, 568px\" \/>\t\t\t\t\t\t\t\t\t\t\t\t\t\t\t<\/div>\n\t\t\t\t<\/div>\n\t\t\t\t<div class=\"elementor-element elementor-element-06b575d elementor-widget__width-auto elementor-widget elementor-widget-heading\" data-id=\"06b575d\" data-element_type=\"widget\" data-widget_type=\"heading.default\">\n\t\t\t\t<div class=\"elementor-widget-container\">\n\t\t\t<h2 class=\"elementor-heading-title elementor-size-default\">Nina Sunyer<\/h2>\t\t<\/div>\n\t\t\t\t<\/div>\n\t\t\t\t<div class=\"elementor-element elementor-element-6902a2a elementor-widget elementor-widget-heading\" data-id=\"6902a2a\" data-element_type=\"widget\" data-widget_type=\"heading.default\">\n\t\t\t\t<div class=\"elementor-widget-container\">\n\t\t\t<h6 class=\"elementor-heading-title elementor-size-default\">Viola<\/h6>\t\t<\/div>\n\t\t\t\t<\/div>\n\t\t\t\t<div class=\"elementor-element elementor-element-0cee22c elementor-widget elementor-widget-text-editor\" data-id=\"0cee22c\" data-element_type=\"widget\" data-widget_type=\"text-editor.default\">\n\t\t\t\t<div class=\"elementor-widget-container\">\n\t\t\t\t\t\t\t<p>Nina has an intermediate degree in classical and contemporary performance from ESMUC and has taken various viola courses and master classes (2014). She is a member of JONDE (Joven Orquesta Nacional de Espa\u00f1a) and has participated in nine symphonic encounters and perfected her orchestral repertoire. She earned a master\u2019s in solo viola at the Hochschule f\u00fcr Musik und Tanz K\u00f6ln under Professor Matthias Buchholz. Nina studied chamber music with Quartet Casals, Harald Schoneweg and Anthony Spiri, and Baroque viola with Richard Gwilt. In her professional career, she has played with orchestras such as the Orquesta Sinf\u00f3nica del Vall\u00e8s, Orquesta de Cadaqu\u00e9s, JONDE, Orquesta Nacional de Espa\u00f1a, Sinfonieorchester Aachen, Camera Musicae and Gran Teatre del Liceu. She also founded several groups and has worked as a teacher.<\/p>\n\t\t\t\t\t\t<\/div>\n\t\t\t\t<\/div>\n\t\t\t\t\t<\/div>\n\t\t<\/div>\n\t\t\t\t\t\t\t<\/div>\n\t\t<\/section>\n\t\t\t\t<section class=\"elementor-section elementor-top-section elementor-element elementor-element-71736c9 elementor-section-boxed elementor-section-height-default elementor-section-height-default\" data-id=\"71736c9\" data-element_type=\"section\">\n\t\t\t\t\t\t<div class=\"elementor-container elementor-column-gap-wide\">\n\t\t\t\t\t<div class=\"elementor-column elementor-col-33 elementor-top-column elementor-element elementor-element-7a31244\" data-id=\"7a31244\" data-element_type=\"column\">\n\t\t\t<div class=\"elementor-widget-wrap elementor-element-populated\">\n\t\t\t\t\t\t\t\t<div class=\"elementor-element elementor-element-90c0f23 elementor-widget elementor-widget-image\" data-id=\"90c0f23\" data-element_type=\"widget\" data-widget_type=\"image.default\">\n\t\t\t\t<div class=\"elementor-widget-container\">\n\t\t\t\t\t\t\t\t\t\t\t\t\t\t\t<img loading=\"lazy\" decoding=\"async\" width=\"568\" height=\"405\" src=\"https:\/\/culturaenvena.org\/mir\/wp-content\/uploads\/2022\/10\/eduard-raventos.jpg\" class=\"attachment-large size-large wp-image-1110\" alt=\"\" srcset=\"https:\/\/culturaenvena.org\/mir\/wp-content\/uploads\/2022\/10\/eduard-raventos.jpg 568w, https:\/\/culturaenvena.org\/mir\/wp-content\/uploads\/2022\/10\/eduard-raventos-300x214.jpg 300w\" sizes=\"auto, (max-width: 568px) 100vw, 568px\" \/>\t\t\t\t\t\t\t\t\t\t\t\t\t\t\t<\/div>\n\t\t\t\t<\/div>\n\t\t\t\t<div class=\"elementor-element elementor-element-7c4280e elementor-widget__width-auto elementor-widget elementor-widget-heading\" data-id=\"7c4280e\" data-element_type=\"widget\" data-widget_type=\"heading.default\">\n\t\t\t\t<div class=\"elementor-widget-container\">\n\t\t\t<h2 class=\"elementor-heading-title elementor-size-default\">Eduard Ravent\u00f3s<\/h2>\t\t<\/div>\n\t\t\t\t<\/div>\n\t\t\t\t<div class=\"elementor-element elementor-element-a966635 elementor-widget elementor-widget-heading\" data-id=\"a966635\" data-element_type=\"widget\" data-widget_type=\"heading.default\">\n\t\t\t\t<div class=\"elementor-widget-container\">\n\t\t\t<h6 class=\"elementor-heading-title elementor-size-default\">Cello<\/h6>\t\t<\/div>\n\t\t\t\t<\/div>\n\t\t\t\t<div class=\"elementor-element elementor-element-c8470e3 elementor-widget elementor-widget-text-editor\" data-id=\"c8470e3\" data-element_type=\"widget\" data-widget_type=\"text-editor.default\">\n\t\t\t\t<div class=\"elementor-widget-container\">\n\t\t\t\t\t\t\t<p>Eduard has an intermediate degree in cello from the Conservatori de M\u00fasica del Liceu, Barcelona, and an advanced degree from the Conservatorio Superior de M\u00fasica de Salamanca. He also completed a cello specialisation course at the Conservatorio de M\u00fasica de Arag\u00f3n. He has worked with youth orchestras like the Joven Orquesta Internacional de Oviedo Filarmonia and the Nationaal Jeugdorkest (NJO) in the Netherlands, and other ensembles, including the Orquesta Sinf\u00f3nica del Vall\u00e8s, Orquesta de Cadaqu\u00e9s, OBC and Orquesta Sinf\u00f3nica de Tenerife. Eduard is involved in social projects at public schools, such as the municipal music schools of Hospitalet and Matar\u00f3.<\/p>\n\t\t\t\t\t\t<\/div>\n\t\t\t\t<\/div>\n\t\t\t\t\t<\/div>\n\t\t<\/div>\n\t\t\t\t<div class=\"elementor-column elementor-col-33 elementor-top-column elementor-element elementor-element-5c818e7\" data-id=\"5c818e7\" data-element_type=\"column\">\n\t\t\t<div class=\"elementor-widget-wrap elementor-element-populated\">\n\t\t\t\t\t\t\t\t<div class=\"elementor-element elementor-element-e8984a4 elementor-widget elementor-widget-image\" data-id=\"e8984a4\" data-element_type=\"widget\" data-widget_type=\"image.default\">\n\t\t\t\t<div class=\"elementor-widget-container\">\n\t\t\t\t\t\t\t\t\t\t\t\t\t\t\t<img loading=\"lazy\" decoding=\"async\" width=\"568\" height=\"405\" src=\"https:\/\/culturaenvena.org\/mir\/wp-content\/uploads\/2022\/10\/anahi-acuna.jpg\" class=\"attachment-large size-large wp-image-1111\" alt=\"\" srcset=\"https:\/\/culturaenvena.org\/mir\/wp-content\/uploads\/2022\/10\/anahi-acuna.jpg 568w, https:\/\/culturaenvena.org\/mir\/wp-content\/uploads\/2022\/10\/anahi-acuna-300x214.jpg 300w\" sizes=\"auto, (max-width: 568px) 100vw, 568px\" \/>\t\t\t\t\t\t\t\t\t\t\t\t\t\t\t<\/div>\n\t\t\t\t<\/div>\n\t\t\t\t<div class=\"elementor-element elementor-element-9618220 elementor-widget__width-auto elementor-widget elementor-widget-heading\" data-id=\"9618220\" data-element_type=\"widget\" data-widget_type=\"heading.default\">\n\t\t\t\t<div class=\"elementor-widget-container\">\n\t\t\t<h2 class=\"elementor-heading-title elementor-size-default\">Anah\u00ed Acu\u00f1a<\/h2>\t\t<\/div>\n\t\t\t\t<\/div>\n\t\t\t\t<div class=\"elementor-element elementor-element-5465f33 elementor-widget elementor-widget-heading\" data-id=\"5465f33\" data-element_type=\"widget\" data-widget_type=\"heading.default\">\n\t\t\t\t<div class=\"elementor-widget-container\">\n\t\t\t<h6 class=\"elementor-heading-title elementor-size-default\">Voice and violin<\/h6>\t\t<\/div>\n\t\t\t\t<\/div>\n\t\t\t\t<div class=\"elementor-element elementor-element-85f6188 elementor-widget elementor-widget-text-editor\" data-id=\"85f6188\" data-element_type=\"widget\" data-widget_type=\"text-editor.default\">\n\t\t\t\t<div class=\"elementor-widget-container\">\n\t\t\t\t\t\t\t<p>Anah\u00ed began taking violin lessons at the age of four in Paris, where she studied under Guy Comenta to achieve an excellent intermediate degree in classical violin. She began improvising at age 14, and her curiosity led her to embrace jazz and earn an advanced degree in jazz violin from ESMUC. She has been a music teacher and violin instructor at different schools. In January 2014, Anah\u00ed participated in a workshop with Wadada Leo Smith. As a violinist, she has played at Sintonizart events and with the Karambamusic group.<\/p>\n\t\t\t\t\t\t<\/div>\n\t\t\t\t<\/div>\n\t\t\t\t\t<\/div>\n\t\t<\/div>\n\t\t\t\t<div class=\"elementor-column elementor-col-33 elementor-top-column elementor-element elementor-element-e550046\" data-id=\"e550046\" data-element_type=\"column\">\n\t\t\t<div class=\"elementor-widget-wrap elementor-element-populated\">\n\t\t\t\t\t\t\t\t<div class=\"elementor-element elementor-element-cb3ff9e elementor-widget elementor-widget-image\" data-id=\"cb3ff9e\" data-element_type=\"widget\" data-widget_type=\"image.default\">\n\t\t\t\t<div class=\"elementor-widget-container\">\n\t\t\t\t\t\t\t\t\t\t\t\t\t\t\t<img loading=\"lazy\" decoding=\"async\" width=\"568\" height=\"405\" src=\"https:\/\/culturaenvena.org\/mir\/wp-content\/uploads\/2022\/10\/marc-lopez.jpg\" class=\"attachment-large size-large wp-image-1112\" alt=\"\" srcset=\"https:\/\/culturaenvena.org\/mir\/wp-content\/uploads\/2022\/10\/marc-lopez.jpg 568w, https:\/\/culturaenvena.org\/mir\/wp-content\/uploads\/2022\/10\/marc-lopez-300x214.jpg 300w\" sizes=\"auto, (max-width: 568px) 100vw, 568px\" \/>\t\t\t\t\t\t\t\t\t\t\t\t\t\t\t<\/div>\n\t\t\t\t<\/div>\n\t\t\t\t<div class=\"elementor-element elementor-element-2db7a09 elementor-widget__width-auto elementor-widget elementor-widget-heading\" data-id=\"2db7a09\" data-element_type=\"widget\" data-widget_type=\"heading.default\">\n\t\t\t\t<div class=\"elementor-widget-container\">\n\t\t\t<h2 class=\"elementor-heading-title elementor-size-default\">Marc L\u00f3pez<\/h2>\t\t<\/div>\n\t\t\t\t<\/div>\n\t\t\t\t<div class=\"elementor-element elementor-element-7374dd7 elementor-widget elementor-widget-heading\" data-id=\"7374dd7\" data-element_type=\"widget\" data-widget_type=\"heading.default\">\n\t\t\t\t<div class=\"elementor-widget-container\">\n\t\t\t<h6 class=\"elementor-heading-title elementor-size-default\">Guitar<\/h6>\t\t<\/div>\n\t\t\t\t<\/div>\n\t\t\t\t<div class=\"elementor-element elementor-element-3add7cc elementor-widget elementor-widget-text-editor\" data-id=\"3add7cc\" data-element_type=\"widget\" data-widget_type=\"text-editor.default\">\n\t\t\t\t<div class=\"elementor-widget-container\">\n\t\t\t\t\t\t\t<p>In 2013 Marc entered the Escola Superior de M\u00fasica de Catalunya (ESMUC), where he is currently pursuing an intermediate degree in traditional music performance, specialising in flamenco guitar with master guitarist Rafael Ca\u00f1izares and accompaniment for flamenco song and dance with singers Jose Miguel Vizcaya, Miriam Vallejo and Jorge Mesa \u201cEl Pirata\u201d and dancers Sara Barrero and Susana Escoda. Marc has played a variety of music styles with all sorts of bands and ensembles, sharing the stage with Joan Albert Amarg\u00f3s, Arc\u00e1ngel, Jorge Marr\u00f3 and other renowned musicians. He has also been involved in recording two albums.<\/p>\n\t\t\t\t\t\t<\/div>\n\t\t\t\t<\/div>\n\t\t\t\t\t<\/div>\n\t\t<\/div>\n\t\t\t\t\t\t\t<\/div>\n\t\t<\/section>\n\t\t\t\t<section class=\"elementor-section elementor-top-section elementor-element elementor-element-15a43ac elementor-section-boxed elementor-section-height-default elementor-section-height-default\" data-id=\"15a43ac\" data-element_type=\"section\">\n\t\t\t\t\t\t<div class=\"elementor-container elementor-column-gap-wide\">\n\t\t\t\t\t<div class=\"elementor-column elementor-col-33 elementor-top-column elementor-element elementor-element-73f7265\" data-id=\"73f7265\" data-element_type=\"column\">\n\t\t\t<div class=\"elementor-widget-wrap elementor-element-populated\">\n\t\t\t\t\t\t\t\t<div class=\"elementor-element elementor-element-7b3023c elementor-widget elementor-widget-image\" data-id=\"7b3023c\" data-element_type=\"widget\" data-widget_type=\"image.default\">\n\t\t\t\t<div class=\"elementor-widget-container\">\n\t\t\t\t\t\t\t\t\t\t\t\t\t\t\t<img loading=\"lazy\" decoding=\"async\" width=\"568\" height=\"405\" src=\"https:\/\/culturaenvena.org\/mir\/wp-content\/uploads\/2022\/10\/sara-balasch-1.jpg\" class=\"attachment-large size-large wp-image-1113\" alt=\"\" srcset=\"https:\/\/culturaenvena.org\/mir\/wp-content\/uploads\/2022\/10\/sara-balasch-1.jpg 568w, https:\/\/culturaenvena.org\/mir\/wp-content\/uploads\/2022\/10\/sara-balasch-1-300x214.jpg 300w\" sizes=\"auto, (max-width: 568px) 100vw, 568px\" \/>\t\t\t\t\t\t\t\t\t\t\t\t\t\t\t<\/div>\n\t\t\t\t<\/div>\n\t\t\t\t<div class=\"elementor-element elementor-element-a8366f9 elementor-widget__width-auto elementor-widget elementor-widget-heading\" data-id=\"a8366f9\" data-element_type=\"widget\" data-widget_type=\"heading.default\">\n\t\t\t\t<div class=\"elementor-widget-container\">\n\t\t\t<h2 class=\"elementor-heading-title elementor-size-default\">Sara Balasch<\/h2>\t\t<\/div>\n\t\t\t\t<\/div>\n\t\t\t\t<div class=\"elementor-element elementor-element-47d3193 elementor-widget elementor-widget-heading\" data-id=\"47d3193\" data-element_type=\"widget\" data-widget_type=\"heading.default\">\n\t\t\t\t<div class=\"elementor-widget-container\">\n\t\t\t<h6 class=\"elementor-heading-title elementor-size-default\">Violin<\/h6>\t\t<\/div>\n\t\t\t\t<\/div>\n\t\t\t\t<div class=\"elementor-element elementor-element-a825ce8 elementor-widget elementor-widget-text-editor\" data-id=\"a825ce8\" data-element_type=\"widget\" data-widget_type=\"text-editor.default\">\n\t\t\t\t<div class=\"elementor-widget-container\">\n\t\t\t\t\t\t\t<p>Sara has a master\u2019s in violin performance from Codarts Rotterdam, where she studied with Professor Benzion Shamir, and in 2012 she completed an advanced degree in violin performance at the Conservatori Superior de M\u00fasica del Liceu in Barcelona under professors Gon\u00e7al Comellas and Manel Porta. She has worked with Quartet Kal\u00f3s, Artem Tr\u00edo, Orquesta Sinf\u00f3nica del Vall\u00e8s, Orquesta de C\u00e1mara del Pened\u00e8s, Orquesta Terrasa 48, Orquesta Cadaqu\u00e9s, De Nieuwe Philarmonie Utrecht, Orquesta Sinf\u00f3nica de las Islas Baleares, Le Concert des Nations with Jordi Savall, and youth orchestras like the JONC and JONDE. Sara also teaches violin and chamber music at various city music schools.<\/p>\n\t\t\t\t\t\t<\/div>\n\t\t\t\t<\/div>\n\t\t\t\t\t<\/div>\n\t\t<\/div>\n\t\t\t\t<div class=\"elementor-column elementor-col-33 elementor-top-column elementor-element elementor-element-96cff2f\" data-id=\"96cff2f\" data-element_type=\"column\">\n\t\t\t<div class=\"elementor-widget-wrap\">\n\t\t\t\t\t\t\t\t\t<\/div>\n\t\t<\/div>\n\t\t\t\t<div class=\"elementor-column elementor-col-33 elementor-top-column elementor-element elementor-element-ce4c290\" data-id=\"ce4c290\" data-element_type=\"column\">\n\t\t\t<div class=\"elementor-widget-wrap\">\n\t\t\t\t\t\t\t\t\t<\/div>\n\t\t<\/div>\n\t\t\t\t\t\t\t<\/div>\n\t\t<\/section>\n\t\t\t\t<section class=\"elementor-section elementor-top-section elementor-element elementor-element-9a68159 elementor-section-boxed elementor-section-height-default elementor-section-height-default\" data-id=\"9a68159\" data-element_type=\"section\">\n\t\t\t\t\t\t<div class=\"elementor-container elementor-column-gap-default\">\n\t\t\t\t\t<div class=\"elementor-column elementor-col-100 elementor-top-column elementor-element elementor-element-4a62c3b\" data-id=\"4a62c3b\" data-element_type=\"column\">\n\t\t\t<div class=\"elementor-widget-wrap elementor-element-populated\">\n\t\t\t\t\t\t\t\t<div class=\"elementor-element elementor-element-b69aea6 elementor-widget__width-auto elementor-widget elementor-widget-heading\" data-id=\"b69aea6\" data-element_type=\"widget\" data-widget_type=\"heading.default\">\n\t\t\t\t<div class=\"elementor-widget-container\">\n\t\t\t<h2 class=\"elementor-heading-title elementor-size-default\">Advisory Board<\/h2>\t\t<\/div>\n\t\t\t\t<\/div>\n\t\t\t\t\t<\/div>\n\t\t<\/div>\n\t\t\t\t\t\t\t<\/div>\n\t\t<\/section>\n\t\t\t\t<section class=\"elementor-section elementor-top-section elementor-element elementor-element-23dd3f1 elementor-section-boxed elementor-section-height-default elementor-section-height-default\" data-id=\"23dd3f1\" data-element_type=\"section\">\n\t\t\t\t\t\t<div class=\"elementor-container elementor-column-gap-wide\">\n\t\t\t\t\t<div class=\"elementor-column elementor-col-33 elementor-top-column elementor-element elementor-element-5bb86ac\" data-id=\"5bb86ac\" data-element_type=\"column\">\n\t\t\t<div class=\"elementor-widget-wrap elementor-element-populated\">\n\t\t\t\t\t\t\t\t<div class=\"elementor-element elementor-element-92fa358 elementor-widget elementor-widget-image\" data-id=\"92fa358\" data-element_type=\"widget\" data-widget_type=\"image.default\">\n\t\t\t\t<div class=\"elementor-widget-container\">\n\t\t\t\t\t\t\t\t\t\t\t\t\t\t\t<img loading=\"lazy\" decoding=\"async\" width=\"568\" height=\"405\" src=\"https:\/\/culturaenvena.org\/mir\/wp-content\/uploads\/2022\/10\/marta-espinos.jpg\" class=\"attachment-large size-large wp-image-1114\" alt=\"\" srcset=\"https:\/\/culturaenvena.org\/mir\/wp-content\/uploads\/2022\/10\/marta-espinos.jpg 568w, https:\/\/culturaenvena.org\/mir\/wp-content\/uploads\/2022\/10\/marta-espinos-300x214.jpg 300w\" sizes=\"auto, (max-width: 568px) 100vw, 568px\" \/>\t\t\t\t\t\t\t\t\t\t\t\t\t\t\t<\/div>\n\t\t\t\t<\/div>\n\t\t\t\t<div class=\"elementor-element elementor-element-efaa912 elementor-widget__width-auto elementor-widget elementor-widget-heading\" data-id=\"efaa912\" data-element_type=\"widget\" data-widget_type=\"heading.default\">\n\t\t\t\t<div class=\"elementor-widget-container\">\n\t\t\t<h2 class=\"elementor-heading-title elementor-size-default\">Marta Espin\u00f3s<\/h2>\t\t<\/div>\n\t\t\t\t<\/div>\n\t\t\t\t<div class=\"elementor-element elementor-element-e93c35c elementor-widget elementor-widget-text-editor\" data-id=\"e93c35c\" data-element_type=\"widget\" data-widget_type=\"text-editor.default\">\n\t\t\t\t<div class=\"elementor-widget-container\">\n\t\t\t\t\t\t\t<p>Pianist and music curator with an Artist Diploma and MMus in piano performance from the Meadows School of the Arts in Dallas, Texas, where she studied under the great Joaqu\u00edn Ach\u00facarro and became one of the pianists sponsored by his foundation. A concert pianist with a solid track record, Ms Espin\u00f3s is also artistic co-director of Lo Otro and deputy director of Fundaci\u00f3n Cultura en Vena.<\/p>\n\t\t\t\t\t\t<\/div>\n\t\t\t\t<\/div>\n\t\t\t\t\t<\/div>\n\t\t<\/div>\n\t\t\t\t<div class=\"elementor-column elementor-col-33 elementor-top-column elementor-element elementor-element-d9c823a\" data-id=\"d9c823a\" data-element_type=\"column\">\n\t\t\t<div class=\"elementor-widget-wrap elementor-element-populated\">\n\t\t\t\t\t\t\t\t<div class=\"elementor-element elementor-element-687ce66 elementor-widget elementor-widget-image\" data-id=\"687ce66\" data-element_type=\"widget\" data-widget_type=\"image.default\">\n\t\t\t\t<div class=\"elementor-widget-container\">\n\t\t\t\t\t\t\t\t\t\t\t\t\t\t\t<img loading=\"lazy\" decoding=\"async\" width=\"568\" height=\"405\" src=\"https:\/\/culturaenvena.org\/mir\/wp-content\/uploads\/2022\/10\/yerko-ivanovic.jpg\" class=\"attachment-large size-large wp-image-1115\" alt=\"\" srcset=\"https:\/\/culturaenvena.org\/mir\/wp-content\/uploads\/2022\/10\/yerko-ivanovic.jpg 568w, https:\/\/culturaenvena.org\/mir\/wp-content\/uploads\/2022\/10\/yerko-ivanovic-300x214.jpg 300w\" sizes=\"auto, (max-width: 568px) 100vw, 568px\" \/>\t\t\t\t\t\t\t\t\t\t\t\t\t\t\t<\/div>\n\t\t\t\t<\/div>\n\t\t\t\t<div class=\"elementor-element elementor-element-e89af3b elementor-widget__width-auto elementor-widget elementor-widget-heading\" data-id=\"e89af3b\" data-element_type=\"widget\" data-widget_type=\"heading.default\">\n\t\t\t\t<div class=\"elementor-widget-container\">\n\t\t\t<h2 class=\"elementor-heading-title elementor-size-default\">Yerko Iv\u00e1novic<\/h2>\t\t<\/div>\n\t\t\t\t<\/div>\n\t\t\t\t<div class=\"elementor-element elementor-element-7c3d06d elementor-widget elementor-widget-text-editor\" data-id=\"7c3d06d\" data-element_type=\"widget\" data-widget_type=\"text-editor.default\">\n\t\t\t\t<div class=\"elementor-widget-container\">\n\t\t\t\t\t\t\t<p>A pianist, composer and doctor specialising in neurology and rehabilitation, Mr Iv\u00e1novic studied medicine at UCM. As director of a medical neuro-rehabilitation centre, he used music for therapeutic purposes. He has been a guest lecturer in numerous national and international master\u2019s courses and is currently a specialty registrar in Clinical Neurophysiology.<\/p>\n\t\t\t\t\t\t<\/div>\n\t\t\t\t<\/div>\n\t\t\t\t\t<\/div>\n\t\t<\/div>\n\t\t\t\t<div class=\"elementor-column elementor-col-33 elementor-top-column elementor-element elementor-element-1f4af33\" data-id=\"1f4af33\" data-element_type=\"column\">\n\t\t\t<div class=\"elementor-widget-wrap elementor-element-populated\">\n\t\t\t\t\t\t\t\t<div class=\"elementor-element elementor-element-bf2cac5 elementor-widget elementor-widget-image\" data-id=\"bf2cac5\" data-element_type=\"widget\" data-widget_type=\"image.default\">\n\t\t\t\t<div class=\"elementor-widget-container\">\n\t\t\t\t\t\t\t\t\t\t\t\t\t\t\t<img loading=\"lazy\" decoding=\"async\" width=\"568\" height=\"405\" src=\"https:\/\/culturaenvena.org\/mir\/wp-content\/uploads\/2022\/10\/belinda-sanchez.jpg\" class=\"attachment-large size-large wp-image-1116\" alt=\"\" srcset=\"https:\/\/culturaenvena.org\/mir\/wp-content\/uploads\/2022\/10\/belinda-sanchez.jpg 568w, https:\/\/culturaenvena.org\/mir\/wp-content\/uploads\/2022\/10\/belinda-sanchez-300x214.jpg 300w\" sizes=\"auto, (max-width: 568px) 100vw, 568px\" \/>\t\t\t\t\t\t\t\t\t\t\t\t\t\t\t<\/div>\n\t\t\t\t<\/div>\n\t\t\t\t<div class=\"elementor-element elementor-element-744d042 elementor-widget__width-auto elementor-widget elementor-widget-heading\" data-id=\"744d042\" data-element_type=\"widget\" data-widget_type=\"heading.default\">\n\t\t\t\t<div class=\"elementor-widget-container\">\n\t\t\t<h2 class=\"elementor-heading-title elementor-size-default\">Belinda S\u00e1nchez Mozo<\/h2>\t\t<\/div>\n\t\t\t\t<\/div>\n\t\t\t\t<div class=\"elementor-element elementor-element-33710bc elementor-widget elementor-widget-text-editor\" data-id=\"33710bc\" data-element_type=\"widget\" data-widget_type=\"text-editor.default\">\n\t\t\t\t<div class=\"elementor-widget-container\">\n\t\t\t\t\t\t\t<p>A pianist with an advanced degree in piano and chamber music and a master\u2019s in music therapy, Ms S\u00e1nchez studied under Jes\u00fas \u00c1ngel Rodr\u00edguez and Salomon Mikowski in Santa Cruz de Tenerife and Manhattan. She became a certified music therapist in Spain while taking courses at the University of Roehampton and the Royal Hospital for Neuro-disability in London.<\/p>\n\t\t\t\t\t\t<\/div>\n\t\t\t\t<\/div>\n\t\t\t\t\t<\/div>\n\t\t<\/div>\n\t\t\t\t\t\t\t<\/div>\n\t\t<\/section>\n\t\t\t\t<section class=\"elementor-section elementor-top-section elementor-element elementor-element-8e34134 elementor-section-boxed elementor-section-height-default elementor-section-height-default\" data-id=\"8e34134\" data-element_type=\"section\">\n\t\t\t\t\t\t<div class=\"elementor-container elementor-column-gap-default\">\n\t\t\t\t\t<div class=\"elementor-column elementor-col-100 elementor-top-column elementor-element elementor-element-f4d1c0c\" data-id=\"f4d1c0c\" data-element_type=\"column\">\n\t\t\t<div class=\"elementor-widget-wrap elementor-element-populated\">\n\t\t\t\t\t\t\t\t<div class=\"elementor-element elementor-element-c56db37 elementor-widget__width-auto elementor-widget elementor-widget-heading\" data-id=\"c56db37\" data-element_type=\"widget\" data-widget_type=\"heading.default\">\n\t\t\t\t<div class=\"elementor-widget-container\">\n\t\t\t<h2 class=\"elementor-heading-title elementor-size-default\">External advisers<\/h2>\t\t<\/div>\n\t\t\t\t<\/div>\n\t\t\t\t\t<\/div>\n\t\t<\/div>\n\t\t\t\t\t\t\t<\/div>\n\t\t<\/section>\n\t\t\t\t<section class=\"elementor-section elementor-top-section elementor-element elementor-element-74f57b4 elementor-section-boxed elementor-section-height-default elementor-section-height-default\" data-id=\"74f57b4\" data-element_type=\"section\">\n\t\t\t\t\t\t<div class=\"elementor-container elementor-column-gap-wide\">\n\t\t\t\t\t<div class=\"elementor-column elementor-col-33 elementor-top-column elementor-element elementor-element-e41a430\" data-id=\"e41a430\" data-element_type=\"column\">\n\t\t\t<div class=\"elementor-widget-wrap elementor-element-populated\">\n\t\t\t\t\t\t\t\t<div class=\"elementor-element elementor-element-6d05d4e elementor-widget elementor-widget-image\" data-id=\"6d05d4e\" data-element_type=\"widget\" data-widget_type=\"image.default\">\n\t\t\t\t<div class=\"elementor-widget-container\">\n\t\t\t\t\t\t\t\t\t\t\t\t\t\t\t<img loading=\"lazy\" decoding=\"async\" width=\"568\" height=\"405\" src=\"https:\/\/culturaenvena.org\/mir\/wp-content\/uploads\/2022\/10\/jose-temes-gomez.jpg\" class=\"attachment-large size-large wp-image-1117\" alt=\"\" srcset=\"https:\/\/culturaenvena.org\/mir\/wp-content\/uploads\/2022\/10\/jose-temes-gomez.jpg 568w, https:\/\/culturaenvena.org\/mir\/wp-content\/uploads\/2022\/10\/jose-temes-gomez-300x214.jpg 300w\" sizes=\"auto, (max-width: 568px) 100vw, 568px\" \/>\t\t\t\t\t\t\t\t\t\t\t\t\t\t\t<\/div>\n\t\t\t\t<\/div>\n\t\t\t\t<div class=\"elementor-element elementor-element-7ba653d elementor-widget__width-auto elementor-widget elementor-widget-heading\" data-id=\"7ba653d\" data-element_type=\"widget\" data-widget_type=\"heading.default\">\n\t\t\t\t<div class=\"elementor-widget-container\">\n\t\t\t<h2 class=\"elementor-heading-title elementor-size-default\">Jos\u00e9 Luis Temes<\/h2>\t\t<\/div>\n\t\t\t\t<\/div>\n\t\t\t\t<div class=\"elementor-element elementor-element-063f5f3 elementor-widget elementor-widget-text-editor\" data-id=\"063f5f3\" data-element_type=\"widget\" data-widget_type=\"text-editor.default\">\n\t\t\t\t<div class=\"elementor-widget-container\">\n\t\t\t\t\t\t\t<p>This orchestra conductor was awarded the National Music Prize in 2009 for his immense contribution to the promotion of Spain\u2019s musical heritage. Mr Temes has worked with every major orchestra in Spain and several in Europe. He has conducted countless cycles and festivals, premiering over 300 works and recording more than 100 albums. He has also given over 400 lectures and written books and essays.<\/p>\n\t\t\t\t\t\t<\/div>\n\t\t\t\t<\/div>\n\t\t\t\t\t<\/div>\n\t\t<\/div>\n\t\t\t\t<div class=\"elementor-column elementor-col-33 elementor-top-column elementor-element elementor-element-7706701\" data-id=\"7706701\" data-element_type=\"column\">\n\t\t\t<div class=\"elementor-widget-wrap elementor-element-populated\">\n\t\t\t\t\t\t\t\t<div class=\"elementor-element elementor-element-e61aab1 elementor-widget elementor-widget-image\" data-id=\"e61aab1\" data-element_type=\"widget\" data-widget_type=\"image.default\">\n\t\t\t\t<div class=\"elementor-widget-container\">\n\t\t\t\t\t\t\t\t\t\t\t\t\t\t\t<img loading=\"lazy\" decoding=\"async\" width=\"568\" height=\"405\" src=\"https:\/\/culturaenvena.org\/mir\/wp-content\/uploads\/2022\/10\/cristina-ferriz.jpg\" class=\"attachment-large size-large wp-image-1118\" alt=\"\" srcset=\"https:\/\/culturaenvena.org\/mir\/wp-content\/uploads\/2022\/10\/cristina-ferriz.jpg 568w, https:\/\/culturaenvena.org\/mir\/wp-content\/uploads\/2022\/10\/cristina-ferriz-300x214.jpg 300w\" sizes=\"auto, (max-width: 568px) 100vw, 568px\" \/>\t\t\t\t\t\t\t\t\t\t\t\t\t\t\t<\/div>\n\t\t\t\t<\/div>\n\t\t\t\t<div class=\"elementor-element elementor-element-438bf26 elementor-widget__width-auto elementor-widget elementor-widget-heading\" data-id=\"438bf26\" data-element_type=\"widget\" data-widget_type=\"heading.default\">\n\t\t\t\t<div class=\"elementor-widget-container\">\n\t\t\t<h2 class=\"elementor-heading-title elementor-size-default\">Cristina Ferriz<\/h2>\t\t<\/div>\n\t\t\t\t<\/div>\n\t\t\t\t<div class=\"elementor-element elementor-element-3080880 elementor-widget elementor-widget-text-editor\" data-id=\"3080880\" data-element_type=\"widget\" data-widget_type=\"text-editor.default\">\n\t\t\t\t<div class=\"elementor-widget-container\">\n\t\t\t\t\t\t\t<p>Director of the Conservatorio Profesional de M\u00fasica Victoria de los \u00c1ngeles, Madrid, Ms Ferriz has an advanced degree in piano instruction from the Real Conservatorio Superior de M\u00fasica de Madrid and a graduate degree in piano and chamber music from the Pra\u017esk\u00e1 konzervato\u0159 (Prague). She has worked as a tenured professor of piano at the Conservatorio Superior de Salamanca.<\/p>\n\t\t\t\t\t\t<\/div>\n\t\t\t\t<\/div>\n\t\t\t\t\t<\/div>\n\t\t<\/div>\n\t\t\t\t<div class=\"elementor-column elementor-col-33 elementor-top-column elementor-element elementor-element-680ede3\" data-id=\"680ede3\" data-element_type=\"column\">\n\t\t\t<div class=\"elementor-widget-wrap elementor-element-populated\">\n\t\t\t\t\t\t\t\t<div class=\"elementor-element elementor-element-9764f35 elementor-widget elementor-widget-image\" data-id=\"9764f35\" data-element_type=\"widget\" data-widget_type=\"image.default\">\n\t\t\t\t<div class=\"elementor-widget-container\">\n\t\t\t\t\t\t\t\t\t\t\t\t\t\t\t<img loading=\"lazy\" decoding=\"async\" width=\"568\" height=\"405\" src=\"https:\/\/culturaenvena.org\/mir\/wp-content\/uploads\/2022\/10\/ana-oliver.jpg\" class=\"attachment-large size-large wp-image-1119\" alt=\"\" srcset=\"https:\/\/culturaenvena.org\/mir\/wp-content\/uploads\/2022\/10\/ana-oliver.jpg 568w, https:\/\/culturaenvena.org\/mir\/wp-content\/uploads\/2022\/10\/ana-oliver-300x214.jpg 300w\" sizes=\"auto, (max-width: 568px) 100vw, 568px\" \/>\t\t\t\t\t\t\t\t\t\t\t\t\t\t\t<\/div>\n\t\t\t\t<\/div>\n\t\t\t\t<div class=\"elementor-element elementor-element-11c7f49 elementor-widget__width-auto elementor-widget elementor-widget-heading\" data-id=\"11c7f49\" data-element_type=\"widget\" data-widget_type=\"heading.default\">\n\t\t\t\t<div class=\"elementor-widget-container\">\n\t\t\t<h2 class=\"elementor-heading-title elementor-size-default\">Ana Mar\u00eda D\u00edaz-Oliver<\/h2>\t\t<\/div>\n\t\t\t\t<\/div>\n\t\t\t\t<div class=\"elementor-element elementor-element-0f2aaae elementor-widget elementor-widget-text-editor\" data-id=\"0f2aaae\" data-element_type=\"widget\" data-widget_type=\"text-editor.default\">\n\t\t\t\t<div class=\"elementor-widget-container\">\n\t\t\t\t\t\t\t<p>Head of CSR at Hospital Universitario 12 de Octubre, Ms D\u00edaz-Oliver has a BS in Psychology and 14 years\u2019 experience in the private sector. In addition, she has spent 13 years working in the human resources, patient services and CSR departments of public hospitals. She has been teaching courses on HR and specific skills for the healthcare industry for over a decade.<\/p>\n\t\t\t\t\t\t<\/div>\n\t\t\t\t<\/div>\n\t\t\t\t\t<\/div>\n\t\t<\/div>\n\t\t\t\t\t\t\t<\/div>\n\t\t<\/section>\n\t\t\t\t<section class=\"elementor-section elementor-top-section elementor-element elementor-element-37490ac elementor-section-boxed elementor-section-height-default elementor-section-height-default\" data-id=\"37490ac\" data-element_type=\"section\">\n\t\t\t\t\t\t<div class=\"elementor-container elementor-column-gap-default\">\n\t\t\t\t\t<div class=\"elementor-column elementor-col-100 elementor-top-column elementor-element elementor-element-6585425\" data-id=\"6585425\" data-element_type=\"column\">\n\t\t\t<div class=\"elementor-widget-wrap elementor-element-populated\">\n\t\t\t\t\t\t\t\t<div class=\"elementor-element elementor-element-c5ce272 elementor-widget__width-auto elementor-widget elementor-widget-heading\" data-id=\"c5ce272\" data-element_type=\"widget\" data-widget_type=\"heading.default\">\n\t\t\t\t<div class=\"elementor-widget-container\">\n\t\t\t<h2 class=\"elementor-heading-title elementor-size-default\">Medical researchers<\/h2>\t\t<\/div>\n\t\t\t\t<\/div>\n\t\t\t\t\t<\/div>\n\t\t<\/div>\n\t\t\t\t\t\t\t<\/div>\n\t\t<\/section>\n\t\t\t\t<section class=\"elementor-section elementor-top-section elementor-element elementor-element-514f24e elementor-section-boxed elementor-section-height-default elementor-section-height-default\" data-id=\"514f24e\" data-element_type=\"section\">\n\t\t\t\t\t\t<div class=\"elementor-container elementor-column-gap-wide\">\n\t\t\t\t\t<div class=\"elementor-column elementor-col-33 elementor-top-column elementor-element elementor-element-eb15deb\" data-id=\"eb15deb\" data-element_type=\"column\">\n\t\t\t<div class=\"elementor-widget-wrap elementor-element-populated\">\n\t\t\t\t\t\t\t\t<div class=\"elementor-element elementor-element-327b44a elementor-widget elementor-widget-image\" data-id=\"327b44a\" data-element_type=\"widget\" data-widget_type=\"image.default\">\n\t\t\t\t<div class=\"elementor-widget-container\">\n\t\t\t\t\t\t\t\t\t\t\t\t\t\t\t<img loading=\"lazy\" decoding=\"async\" width=\"568\" height=\"405\" src=\"https:\/\/culturaenvena.org\/mir\/wp-content\/uploads\/2022\/10\/carmen-pallas.jpg\" class=\"attachment-large size-large wp-image-1120\" alt=\"\" srcset=\"https:\/\/culturaenvena.org\/mir\/wp-content\/uploads\/2022\/10\/carmen-pallas.jpg 568w, https:\/\/culturaenvena.org\/mir\/wp-content\/uploads\/2022\/10\/carmen-pallas-300x214.jpg 300w\" sizes=\"auto, (max-width: 568px) 100vw, 568px\" \/>\t\t\t\t\t\t\t\t\t\t\t\t\t\t\t<\/div>\n\t\t\t\t<\/div>\n\t\t\t\t<div class=\"elementor-element elementor-element-4e143de elementor-widget__width-auto elementor-widget elementor-widget-heading\" data-id=\"4e143de\" data-element_type=\"widget\" data-widget_type=\"heading.default\">\n\t\t\t\t<div class=\"elementor-widget-container\">\n\t\t\t<h2 class=\"elementor-heading-title elementor-size-default\">Carmen Pall\u00e1s<\/h2>\t\t<\/div>\n\t\t\t\t<\/div>\n\t\t\t\t<div class=\"elementor-element elementor-element-14b9096 elementor-widget elementor-widget-text-editor\" data-id=\"14b9096\" data-element_type=\"widget\" data-widget_type=\"text-editor.default\">\n\t\t\t\t<div class=\"elementor-widget-container\">\n\t\t\t\t\t\t\t<p>Head of the Neonatal Care Department at Hospital 12 de Octubre. Associate Professor of Paediatrics at the Universidad Complutense. Member of Previnfad, a working group for child and adolescent prevention. Director of the NIDCAP training centre and the donated human milk bank at Hospital 12 de Octubre. Chair of IHAN-UNICEF (Initiative for Humanising Birth and Breastfeeding Care) since 2013.<\/p>\n\t\t\t\t\t\t<\/div>\n\t\t\t\t<\/div>\n\t\t\t\t\t<\/div>\n\t\t<\/div>\n\t\t\t\t<div class=\"elementor-column elementor-col-33 elementor-top-column elementor-element elementor-element-2b3cece\" data-id=\"2b3cece\" data-element_type=\"column\">\n\t\t\t<div class=\"elementor-widget-wrap elementor-element-populated\">\n\t\t\t\t\t\t\t\t<div class=\"elementor-element elementor-element-0716169 elementor-widget elementor-widget-image\" data-id=\"0716169\" data-element_type=\"widget\" data-widget_type=\"image.default\">\n\t\t\t\t<div class=\"elementor-widget-container\">\n\t\t\t\t\t\t\t\t\t\t\t\t\t\t\t<img loading=\"lazy\" decoding=\"async\" width=\"568\" height=\"405\" src=\"https:\/\/culturaenvena.org\/mir\/wp-content\/uploads\/2022\/10\/juancarlos-montejo-1.jpg\" class=\"attachment-large size-large wp-image-1121\" alt=\"\" srcset=\"https:\/\/culturaenvena.org\/mir\/wp-content\/uploads\/2022\/10\/juancarlos-montejo-1.jpg 568w, https:\/\/culturaenvena.org\/mir\/wp-content\/uploads\/2022\/10\/juancarlos-montejo-1-300x214.jpg 300w\" sizes=\"auto, (max-width: 568px) 100vw, 568px\" \/>\t\t\t\t\t\t\t\t\t\t\t\t\t\t\t<\/div>\n\t\t\t\t<\/div>\n\t\t\t\t<div class=\"elementor-element elementor-element-1723385 elementor-widget__width-auto elementor-widget elementor-widget-heading\" data-id=\"1723385\" data-element_type=\"widget\" data-widget_type=\"heading.default\">\n\t\t\t\t<div class=\"elementor-widget-container\">\n\t\t\t<h2 class=\"elementor-heading-title elementor-size-default\">Juan Carlos Montejo<\/h2>\t\t<\/div>\n\t\t\t\t<\/div>\n\t\t\t\t<div class=\"elementor-element elementor-element-7c75748 elementor-widget elementor-widget-text-editor\" data-id=\"7c75748\" data-element_type=\"widget\" data-widget_type=\"text-editor.default\">\n\t\t\t\t<div class=\"elementor-widget-container\">\n\t\t\t\t\t\t\t<p>After medical school at the Universidad de Salamanca, in 1985 Dr. Montejo became an intensive care specialist at Hospital 12 de Octubre in Madrid and worked there as Head of the ICU until his recent retirement. One of his greatest interests is humanising the ICU to improve the hospital experience for patients, their relatives and healthcare workers.<\/p>\n\t\t\t\t\t\t<\/div>\n\t\t\t\t<\/div>\n\t\t\t\t\t<\/div>\n\t\t<\/div>\n\t\t\t\t<div class=\"elementor-column elementor-col-33 elementor-top-column elementor-element elementor-element-3678b2b\" data-id=\"3678b2b\" data-element_type=\"column\">\n\t\t\t<div class=\"elementor-widget-wrap elementor-element-populated\">\n\t\t\t\t\t\t\t\t<div class=\"elementor-element elementor-element-f9e979e elementor-widget elementor-widget-image\" data-id=\"f9e979e\" data-element_type=\"widget\" data-widget_type=\"image.default\">\n\t\t\t\t<div class=\"elementor-widget-container\">\n\t\t\t\t\t\t\t\t\t\t\t\t\t\t\t<img loading=\"lazy\" decoding=\"async\" width=\"568\" height=\"405\" src=\"https:\/\/culturaenvena.org\/mir\/wp-content\/uploads\/2022\/10\/jesus-vara.jpg\" class=\"attachment-large size-large wp-image-1122\" alt=\"\" srcset=\"https:\/\/culturaenvena.org\/mir\/wp-content\/uploads\/2022\/10\/jesus-vara.jpg 568w, https:\/\/culturaenvena.org\/mir\/wp-content\/uploads\/2022\/10\/jesus-vara-300x214.jpg 300w\" sizes=\"auto, (max-width: 568px) 100vw, 568px\" \/>\t\t\t\t\t\t\t\t\t\t\t\t\t\t\t<\/div>\n\t\t\t\t<\/div>\n\t\t\t\t<div class=\"elementor-element elementor-element-36094cf elementor-widget__width-auto elementor-widget elementor-widget-heading\" data-id=\"36094cf\" data-element_type=\"widget\" data-widget_type=\"heading.default\">\n\t\t\t\t<div class=\"elementor-widget-container\">\n\t\t\t<h2 class=\"elementor-heading-title elementor-size-default\">Jes\u00fas Vara<\/h2>\t\t<\/div>\n\t\t\t\t<\/div>\n\t\t\t\t<div class=\"elementor-element elementor-element-1a54ee3 elementor-widget elementor-widget-text-editor\" data-id=\"1a54ee3\" data-element_type=\"widget\" data-widget_type=\"text-editor.default\">\n\t\t\t\t<div class=\"elementor-widget-container\">\n\t\t\t\t\t\t\t<p>Undergraduate degree in medicine from UCM. Master\u2019s in disability assessment from the Universidad Aut\u00f3noma de Madrid (UAM). Master\u2019s in paediatric disability assessment from UCM. Consultant specialised in Physical Medicine and Rehabilitation at Hospital Universitario 12 de Octubre, Madrid. Dr. Vara is in charge of the Pelvic Floor Rehabilitation Unit.<\/p>\n\t\t\t\t\t\t<\/div>\n\t\t\t\t<\/div>\n\t\t\t\t\t<\/div>\n\t\t<\/div>\n\t\t\t\t\t\t\t<\/div>\n\t\t<\/section>\n\t\t\t\t<section class=\"elementor-section elementor-top-section elementor-element elementor-element-316307a elementor-section-boxed elementor-section-height-default elementor-section-height-default\" data-id=\"316307a\" data-element_type=\"section\">\n\t\t\t\t\t\t<div class=\"elementor-container elementor-column-gap-wide\">\n\t\t\t\t\t<div class=\"elementor-column elementor-col-33 elementor-top-column elementor-element elementor-element-4efe970\" data-id=\"4efe970\" data-element_type=\"column\">\n\t\t\t<div class=\"elementor-widget-wrap elementor-element-populated\">\n\t\t\t\t\t\t\t\t<div class=\"elementor-element elementor-element-1d3b3a3 elementor-widget elementor-widget-image\" data-id=\"1d3b3a3\" data-element_type=\"widget\" data-widget_type=\"image.default\">\n\t\t\t\t<div class=\"elementor-widget-container\">\n\t\t\t\t\t\t\t\t\t\t\t\t\t\t\t<img loading=\"lazy\" decoding=\"async\" width=\"568\" height=\"405\" src=\"https:\/\/culturaenvena.org\/mir\/wp-content\/uploads\/2022\/10\/martinez-lopez.jpg\" class=\"attachment-large size-large wp-image-1124\" alt=\"\" srcset=\"https:\/\/culturaenvena.org\/mir\/wp-content\/uploads\/2022\/10\/martinez-lopez.jpg 568w, https:\/\/culturaenvena.org\/mir\/wp-content\/uploads\/2022\/10\/martinez-lopez-300x214.jpg 300w\" sizes=\"auto, (max-width: 568px) 100vw, 568px\" \/>\t\t\t\t\t\t\t\t\t\t\t\t\t\t\t<\/div>\n\t\t\t\t<\/div>\n\t\t\t\t<div class=\"elementor-element elementor-element-7a5c0c0 elementor-widget__width-auto elementor-widget elementor-widget-heading\" data-id=\"7a5c0c0\" data-element_type=\"widget\" data-widget_type=\"heading.default\">\n\t\t\t\t<div class=\"elementor-widget-container\">\n\t\t\t<h2 class=\"elementor-heading-title elementor-size-default\">Joaqu\u00edn Mart\u00ednez-L\u00f3pez<\/h2>\t\t<\/div>\n\t\t\t\t<\/div>\n\t\t\t\t<div class=\"elementor-element elementor-element-5d90aad elementor-widget elementor-widget-text-editor\" data-id=\"5d90aad\" data-element_type=\"widget\" data-widget_type=\"text-editor.default\">\n\t\t\t\t<div class=\"elementor-widget-container\">\n\t\t\t\t\t\t\t<p>In 2016, he became Head of Haematology at Hospital 12 de Octubre in Madrid, a position he still holds today. Since 2005, Dr. Mart\u00ednez-L\u00f3pez has been an associate professor at the medical school of the Universidad Complutense de Madrid. He was also a visiting professor at Harvard Medical School (Dana-Farber Cancer Institute) for three months.<\/p>\n\t\t\t\t\t\t<\/div>\n\t\t\t\t<\/div>\n\t\t\t\t\t<\/div>\n\t\t<\/div>\n\t\t\t\t<div class=\"elementor-column elementor-col-33 elementor-top-column elementor-element elementor-element-7736a2a\" data-id=\"7736a2a\" data-element_type=\"column\">\n\t\t\t<div class=\"elementor-widget-wrap elementor-element-populated\">\n\t\t\t\t\t\t\t\t<div class=\"elementor-element elementor-element-82f9f97 elementor-widget elementor-widget-image\" data-id=\"82f9f97\" data-element_type=\"widget\" data-widget_type=\"image.default\">\n\t\t\t\t<div class=\"elementor-widget-container\">\n\t\t\t\t\t\t\t\t\t\t\t\t\t\t\t<img loading=\"lazy\" decoding=\"async\" width=\"568\" height=\"405\" src=\"https:\/\/culturaenvena.org\/mir\/wp-content\/uploads\/2022\/10\/martin-asenjo.jpg\" class=\"attachment-large size-large wp-image-1123\" alt=\"\" srcset=\"https:\/\/culturaenvena.org\/mir\/wp-content\/uploads\/2022\/10\/martin-asenjo.jpg 568w, https:\/\/culturaenvena.org\/mir\/wp-content\/uploads\/2022\/10\/martin-asenjo-300x214.jpg 300w\" sizes=\"auto, (max-width: 568px) 100vw, 568px\" \/>\t\t\t\t\t\t\t\t\t\t\t\t\t\t\t<\/div>\n\t\t\t\t<\/div>\n\t\t\t\t<div class=\"elementor-element elementor-element-3db57a2 elementor-widget__width-auto elementor-widget elementor-widget-heading\" data-id=\"3db57a2\" data-element_type=\"widget\" data-widget_type=\"heading.default\">\n\t\t\t\t<div class=\"elementor-widget-container\">\n\t\t\t<h2 class=\"elementor-heading-title elementor-size-default\">Roberto Mart\u00edn Asenjo<\/h2>\t\t<\/div>\n\t\t\t\t<\/div>\n\t\t\t\t<div class=\"elementor-element elementor-element-6dc6d24 elementor-widget elementor-widget-text-editor\" data-id=\"6dc6d24\" data-element_type=\"widget\" data-widget_type=\"text-editor.default\">\n\t\t\t\t<div class=\"elementor-widget-container\">\n\t\t\t\t\t\t\t<p>Undergraduate degree in medicine from UAM. Cardiology consultant after completing the MIR (specialist training) at Hospital 12 de Octubre. Master\u2019s in acute cardiac care. Critical cardiac care certification from the European Society of Cardiology. Dr. Mart\u00edn currently works as a consultant in the Coronary Unit and has a special interest in the quality of healthcare.<\/p>\n\t\t\t\t\t\t<\/div>\n\t\t\t\t<\/div>\n\t\t\t\t\t<\/div>\n\t\t<\/div>\n\t\t\t\t<div class=\"elementor-column elementor-col-33 elementor-top-column elementor-element elementor-element-586a421\" data-id=\"586a421\" data-element_type=\"column\">\n\t\t\t<div class=\"elementor-widget-wrap elementor-element-populated\">\n\t\t\t\t\t\t\t\t<div class=\"elementor-element elementor-element-891e3e0 elementor-widget elementor-widget-image\" data-id=\"891e3e0\" data-element_type=\"widget\" data-widget_type=\"image.default\">\n\t\t\t\t<div class=\"elementor-widget-container\">\n\t\t\t\t\t\t\t\t\t\t\t\t\t\t\t<img loading=\"lazy\" decoding=\"async\" width=\"568\" height=\"405\" src=\"https:\/\/culturaenvena.org\/mir\/wp-content\/uploads\/2022\/10\/carmen-munoz.jpg\" class=\"attachment-large size-large wp-image-1125\" alt=\"\" srcset=\"https:\/\/culturaenvena.org\/mir\/wp-content\/uploads\/2022\/10\/carmen-munoz.jpg 568w, https:\/\/culturaenvena.org\/mir\/wp-content\/uploads\/2022\/10\/carmen-munoz-300x214.jpg 300w\" sizes=\"auto, (max-width: 568px) 100vw, 568px\" \/>\t\t\t\t\t\t\t\t\t\t\t\t\t\t\t<\/div>\n\t\t\t\t<\/div>\n\t\t\t\t<div class=\"elementor-element elementor-element-69eec8b elementor-widget__width-auto elementor-widget elementor-widget-heading\" data-id=\"69eec8b\" data-element_type=\"widget\" data-widget_type=\"heading.default\">\n\t\t\t\t<div class=\"elementor-widget-container\">\n\t\t\t<h2 class=\"elementor-heading-title elementor-size-default\">Carmen Mu\u00f1oz Ruiperez<\/h2>\t\t<\/div>\n\t\t\t\t<\/div>\n\t\t\t\t<div class=\"elementor-element elementor-element-a8d9573 elementor-widget elementor-widget-text-editor\" data-id=\"a8d9573\" data-element_type=\"widget\" data-widget_type=\"text-editor.default\">\n\t\t\t\t<div class=\"elementor-widget-container\">\n\t\t\t\t\t\t\t<p>Medical doctor, surgeon and Head of the Occupational Medicine, Health and Safety Department at Hospital Universitario 12 de Octubre. Member of the Spanish Association of Specialists in Occupational Medicine (AEEMT), under the aegis of the Spanish Ministry of Health, Social Services and Equality. Member of the Hospital Universitario 12 de Octubre Teaching Committee. Supervisor\/coordinator of specialist trainees in Occupational Medicine.<\/p>\n\t\t\t\t\t\t<\/div>\n\t\t\t\t<\/div>\n\t\t\t\t\t<\/div>\n\t\t<\/div>\n\t\t\t\t\t\t\t<\/div>\n\t\t<\/section>\n\t\t\t\t<section class=\"elementor-section elementor-top-section elementor-element elementor-element-3347558 elementor-section-boxed elementor-section-height-default elementor-section-height-default\" data-id=\"3347558\" data-element_type=\"section\">\n\t\t\t\t\t\t<div class=\"elementor-container elementor-column-gap-wide\">\n\t\t\t\t\t<div class=\"elementor-column elementor-col-33 elementor-top-column elementor-element elementor-element-3323eb6\" data-id=\"3323eb6\" data-element_type=\"column\">\n\t\t\t<div class=\"elementor-widget-wrap elementor-element-populated\">\n\t\t\t\t\t\t\t\t<div class=\"elementor-element elementor-element-ec53d9e elementor-widget elementor-widget-image\" data-id=\"ec53d9e\" data-element_type=\"widget\" data-widget_type=\"image.default\">\n\t\t\t\t<div class=\"elementor-widget-container\">\n\t\t\t\t\t\t\t\t\t\t\t\t\t\t\t<img loading=\"lazy\" decoding=\"async\" width=\"568\" height=\"405\" src=\"https:\/\/culturaenvena.org\/mir\/wp-content\/uploads\/2022\/10\/hernandez-gallego.jpg\" class=\"attachment-large size-large wp-image-1126\" alt=\"\" srcset=\"https:\/\/culturaenvena.org\/mir\/wp-content\/uploads\/2022\/10\/hernandez-gallego.jpg 568w, https:\/\/culturaenvena.org\/mir\/wp-content\/uploads\/2022\/10\/hernandez-gallego-300x214.jpg 300w\" sizes=\"auto, (max-width: 568px) 100vw, 568px\" \/>\t\t\t\t\t\t\t\t\t\t\t\t\t\t\t<\/div>\n\t\t\t\t<\/div>\n\t\t\t\t<div class=\"elementor-element elementor-element-872bf70 elementor-widget__width-auto elementor-widget elementor-widget-heading\" data-id=\"872bf70\" data-element_type=\"widget\" data-widget_type=\"heading.default\">\n\t\t\t\t<div class=\"elementor-widget-container\">\n\t\t\t<h2 class=\"elementor-heading-title elementor-size-default\">Jes\u00fas Hernandez Gallego<\/h2>\t\t<\/div>\n\t\t\t\t<\/div>\n\t\t\t\t<div class=\"elementor-element elementor-element-695d97b elementor-widget elementor-widget-text-editor\" data-id=\"695d97b\" data-element_type=\"widget\" data-widget_type=\"text-editor.default\">\n\t\t\t\t<div class=\"elementor-widget-container\">\n\t\t\t\t\t\t\t<p>Head of the Neurology Department at Hospital 12 de Octubre in Madrid. Professor at the medical school of the Universidad Complutense de Madrid.<\/p>\n\t\t\t\t\t\t<\/div>\n\t\t\t\t<\/div>\n\t\t\t\t\t<\/div>\n\t\t<\/div>\n\t\t\t\t<div class=\"elementor-column elementor-col-33 elementor-top-column elementor-element elementor-element-e39a981\" data-id=\"e39a981\" data-element_type=\"column\">\n\t\t\t<div class=\"elementor-widget-wrap\">\n\t\t\t\t\t\t\t\t\t<\/div>\n\t\t<\/div>\n\t\t\t\t<div class=\"elementor-column elementor-col-33 elementor-top-column elementor-element elementor-element-b64340c\" data-id=\"b64340c\" data-element_type=\"column\">\n\t\t\t<div class=\"elementor-widget-wrap\">\n\t\t\t\t\t\t\t\t\t<\/div>\n\t\t<\/div>\n\t\t\t\t\t\t\t<\/div>\n\t\t<\/section>\n\t\t\t\t\t\t\t<\/div>\n\t\t","protected":false},"excerpt":{"rendered":"<p>4 Las aptitudes de los m\u00fasicos se han valorado en varias esferas, desde la profesional hasta la capacidad de adaptaci\u00f3n psicol\u00f3gica a entornos complicados, como son los medios sanitarios. Todos ellos poseen un alto nivel art\u00edstico, musical y comunicativo. En el \u00e1mbito psicol\u00f3gico se ha buscado la empat\u00eda, la sensibilidad y la capacidad de interacci\u00f3n [&hellip;]<\/p>\n","protected":false},"author":2,"featured_media":0,"parent":0,"menu_order":0,"comment_status":"closed","ping_status":"closed","template":"elementor_header_footer","meta":{"footnotes":""},"class_list":["post-1182","page","type-page","status-publish","hentry"],"_links":{"self":[{"href":"https:\/\/culturaenvena.org\/mir\/en\/wp-json\/wp\/v2\/pages\/1182","targetHints":{"allow":["GET"]}}],"collection":[{"href":"https:\/\/culturaenvena.org\/mir\/en\/wp-json\/wp\/v2\/pages"}],"about":[{"href":"https:\/\/culturaenvena.org\/mir\/en\/wp-json\/wp\/v2\/types\/page"}],"author":[{"embeddable":true,"href":"https:\/\/culturaenvena.org\/mir\/en\/wp-json\/wp\/v2\/users\/2"}],"replies":[{"embeddable":true,"href":"https:\/\/culturaenvena.org\/mir\/en\/wp-json\/wp\/v2\/comments?post=1182"}],"version-history":[{"count":3,"href":"https:\/\/culturaenvena.org\/mir\/en\/wp-json\/wp\/v2\/pages\/1182\/revisions"}],"predecessor-version":[{"id":1185,"href":"https:\/\/culturaenvena.org\/mir\/en\/wp-json\/wp\/v2\/pages\/1182\/revisions\/1185"}],"wp:attachment":[{"href":"https:\/\/culturaenvena.org\/mir\/en\/wp-json\/wp\/v2\/media?parent=1182"}],"curies":[{"name":"wp","href":"https:\/\/api.w.org\/{rel}","templated":true}]}}